{"id":93,"date":"2023-10-06T12:50:43","date_gmt":"2023-10-06T12:50:43","guid":{"rendered":"https:\/\/cardemilgestioninmobiliaria.cl\/?post_type=product&#038;p=93"},"modified":"2026-04-14T15:31:00","modified_gmt":"2026-04-14T15:31:00","slug":"arriendo-departamento-2d-1b-4pers-playa-pacifico-iv","status":"publish","type":"product","link":"https:\/\/cardemilgestioninmobiliaria.cl\/index.php\/product\/arriendo-departamento-2d-1b-4pers-playa-pacifico-iv\/","title":{"rendered":"ARRIENDO DEPARTAMENTO, 2D-1B, 4PERS, PLAYA PAC\u00edFICO IV"},"content":{"rendered":"<div class=\"flex flex-grow flex-col gap-3 max-w-full\">\n<div class=\"min-h-[20px] flex flex-col items-start gap-3 whitespace-pre-wrap break-words overflow-x-auto\">\n<div class=\"markdown prose w-full break-words dark:prose-invert light\">\n<p><strong>Descubre la Comodidad en Playa Pac\u00edfico IV:<\/strong><\/p>\n<p><em>Ubicaci\u00f3n Estrat\u00e9gica<\/em><\/p>\n<p>Bienvenido a Playa Pac\u00edfico IV, en la Av. Pac\u00edfico 5185, entre Los Membrillos y Canto del Agua, a pasos de la Av. del Mar y la Ruta 5, con impresionantes vistas al oc\u00e9ano.<\/p>\n<p><strong>Comodidades Destacadas:<\/strong><\/p>\n<ul>\n<li><strong>Piscina:<\/strong> Disfruta de un chapuz\u00f3n refrescante.<\/li>\n<li><strong>Quincho:<\/strong> Ideal para reuniones al aire libre.<\/li>\n<li><strong>Estacionamiento:<\/strong> Amplio espacio para tu comodidad.<\/li>\n<li><strong>\u00c1reas Verdes:<\/strong> Espacios naturales para relajarte.<\/li>\n<li><strong>Conserjer\u00eda 24 Hrs:<\/strong> Seguridad y atenci\u00f3n continua.<\/li>\n<li><strong>Ascensor:<\/strong> Acceso c\u00f3modo a tu hogar.<\/li>\n<\/ul>\n<p>Vivir en Playa Pac\u00edfico IV es m\u00e1s que una decisi\u00f3n de vivienda, es un estilo de vida que combina comodidad y lujo. Desde las espectaculares vistas del oc\u00e9ano hasta las modernas comodidades, este condominio lo tiene todo.<\/p>\n<p>Tu nuevo hogar en Playa Pac\u00edfico IV ofrece una ubicaci\u00f3n privilegiada para quienes buscan lo mejor de la vida costera. La proximidad a la Av. del Mar y la Ruta 5 te brinda un f\u00e1cil acceso a tiendas, restaurantes y entretenimiento.<\/p>\n<p>El condominio ofrece una piscina para disfrutar en los d\u00edas soleados y un quincho para tus reuniones al aire libre. Con estacionamiento amplio y \u00e1reas verdes para relajarte, este lugar est\u00e1 dise\u00f1ado pensando en tu comodidad.<\/p>\n<p>La seguridad no es un problema, ya que cuentas con conserjer\u00eda 24 horas y un ascensor para un acceso conveniente. Es hora de vivir el sue\u00f1o costero en Playa Pac\u00edfico IV. \u00a1Cont\u00e1ctanos hoy para obtener m\u00e1s informaci\u00f3n y asegura tu lugar en este para\u00edso frente al mar!<\/p>\n<p>No desaproveches la oprtunidad de pasar las mejores vacaciones de tu vida. Cont\u00e1ctanos.<\/p>\n<\/div>\n<\/div>\n<\/div>\n<div class=\"flex justify-between empty:hidden gizmo:justify-start gizmo:gap-3 lg:block\">\n<div class=\"text-gray-400 flex self-end lg:self-center justify-center gizmo:lg:justify-start mt-2 gizmo:mt-0 visible lg:gap-1 lg:absolute lg:top-0 lg:translate-x-full lg:right-0 lg:mt-0 lg:pl-2 gap-2 md:gap-3\"><\/div>\n<\/div>\n<div class=\"flex-1 overflow-hidden\">\n<div class=\"react-scroll-to-bottom--css-pctwu-79elbk h-full dark:bg-gray-800\">\n<div class=\"react-scroll-to-bottom--css-pctwu-1n7m0yu\">\n<div class=\"flex flex-col text-sm dark:bg-gray-800\">\n<div class=\"h-32 md:h-48 flex-shrink-0\"><\/div>\n<\/div>\n<\/div>\n<\/div>\n<\/div>\n<div class=\"w-full pt-2 border-t md:border-t-0 dark:border-white\/20 md:border-transparent md:dark:border-transparent md:pl-2 md:w-[calc(100%-.5rem)] absolute bottom-0 left-0 md:bg-vert-light-gradient bg-white dark:bg-gray-800 md:!bg-transparent dark:md:bg-vert-dark-gradient\">\n<form class=\"stretch mx-2 flex flex-row gap-3 last:mb-2 md:mx-4 md:last:mb-6 lg:mx-auto lg:max-w-2xl xl:max-w-3xl\">\n<div class=\"relative flex h-full flex-1 items-stretch md:flex-col\">\n<div>\n<div class=\"h-full flex ml-1 md:w-full md:m-auto md:mb-4 gap-0 md:gap-2 justify-center\">\n<div class=\"grow\"><\/div>\n<\/div>\n<\/div>\n<\/div>\n<\/form>\n<\/div>\n","protected":false},"excerpt":{"rendered":"<div>\n<div>\n<div>EL DEPARTAMENTO TIENE CAPACIDAD PARA 4 PERSONAS<\/div>\n<\/div>\n<\/div>\n<div>\n<p>2 DORMITORIO GRANDES<\/p>\n<p>1 BA\u00d1O<\/p>\n<p>COCINA AMERICANA FULL EQUIPADA<\/p>\n<p>LAVADORA<\/p>\n<p>PISO 10<\/p>\n<p>SABANAS<\/p>\n<p>TV CABLE<\/p>\n<p>ESTACIONAMIENTO<\/p>\n<p>VISTA A LA AV DEL MAR<\/p>\n<p>$ 55.000 DIARIO HASTA 15 de DICIEMBRE EXCEPTO MIN 3 NOCHES<\/p>\n<p>$60.000 feriados<\/p>\n<div>\n<p>$ 70.000 DIARIO VERANO 2024\u00a0 M\u00cdNIMO DE NOCHES: 7<\/p>\n<\/div>\n<div>aseo final $ 25.000<\/div>\n<\/div>\n","protected":false},"featured_media":606,"comment_status":"open","ping_status":"closed","template":"","meta":{"site-sidebar-layout":"default","site-content-layout":"default","ast-site-content-layout":"default","site-content-style":"default","site-sidebar-style":"default","ast-global-header-display":"","ast-banner-title-visibility":"","ast-main-header-display":"","ast-hfb-above-header-display":"","ast-hfb-below-header-display":"","ast-hfb-mobile-header-display":"","site-post-title":"","ast-breadcrumbs-content":"","ast-featured-img":"","footer-sml-layout":"","theme-transparent-header-meta":"default","adv-header-id-meta":"","stick-header-meta":"","header-above-stick-meta":"","header-main-stick-meta":"","header-below-stick-meta":"","astra-migrate-meta-layouts":"set","_joinchat":[]},"product_cat":[19,34],"product_tag":[18],"class_list":{"0":"post-93","1":"product","2":"type-product","3":"status-publish","4":"has-post-thumbnail","6":"product_cat-arriendo-diario","7":"product_cat-departamento-la-serena","8":"product_tag-departamentos","9":"desktop-align-left","10":"tablet-align-left","11":"mobile-align-left","13":"first","14":"instock","15":"featured","16":"shipping-taxable","17":"purchasable","18":"product-type-simple"},"yoast_head":"<!-- This site is optimized with the Yoast SEO plugin v22.7 - https:\/\/yoast.com\/wordpress\/plugins\/seo\/ -->\n<title>PLAYA PAC\u00cdFICO IV | ARRIENDO DEPARTAMENTO | IV REGION<\/title>\n<meta name=\"description\" content=\"ARRIENDO DEPARTAMENTO, 2D-1B, 4PERS, PLAYA PAC\u00edFICO IV - Arriendo Departamentos | La Serena Coquimbo | Vi\u00f1a del Mar - Chile.\" \/>\n<meta name=\"robots\" content=\"index, follow, max-snippet:-1, max-image-preview:large, max-video-preview:-1\" \/>\n<link rel=\"canonical\" href=\"https:\/\/cardemilgestioninmobiliaria.cl\/index.php\/product\/arriendo-departamento-2d-1b-4pers-playa-pacifico-iv\/\" \/>\n<meta property=\"og:locale\" content=\"en_US\" \/>\n<meta property=\"og:type\" content=\"article\" \/>\n<meta property=\"og:title\" content=\"PLAYA PAC\u00cdFICO IV | ARRIENDO DEPARTAMENTO | IV REGION\" \/>\n<meta property=\"og:description\" content=\"ARRIENDO DEPARTAMENTO, 2D-1B, 4PERS, PLAYA PAC\u00edFICO IV - Arriendo Departamentos | La Serena Coquimbo | Vi\u00f1a del Mar - Chile.\" \/>\n<meta property=\"og:url\" content=\"https:\/\/cardemilgestioninmobiliaria.cl\/index.php\/product\/arriendo-departamento-2d-1b-4pers-playa-pacifico-iv\/\" \/>\n<meta property=\"og:site_name\" content=\"Arriendo Departamentos | La Serena Coquimbo | Vi\u00f1a del Mar\" \/>\n<meta property=\"article:modified_time\" content=\"2026-04-14T15:31:00+00:00\" \/>\n<meta property=\"og:image\" content=\"https:\/\/cardemilgestioninmobiliaria.cl\/wp-content\/uploads\/2023\/10\/IMG_0272-scaled.jpg\" \/>\n\t<meta property=\"og:image:width\" content=\"2560\" \/>\n\t<meta property=\"og:image:height\" content=\"1920\" \/>\n\t<meta property=\"og:image:type\" content=\"image\/jpeg\" \/>\n<meta name=\"twitter:card\" content=\"summary_large_image\" \/>\n<meta name=\"twitter:label1\" content=\"Est. reading time\" \/>\n\t<meta name=\"twitter:data1\" content=\"2 minutes\" \/>\n<script type=\"application\/ld+json\" class=\"yoast-schema-graph\">{\"@context\":\"https:\/\/schema.org\",\"@graph\":[{\"@type\":\"WebPage\",\"@id\":\"https:\/\/cardemilgestioninmobiliaria.cl\/index.php\/product\/arriendo-departamento-2d-1b-4pers-playa-pacifico-iv\/\",\"url\":\"https:\/\/cardemilgestioninmobiliaria.cl\/index.php\/product\/arriendo-departamento-2d-1b-4pers-playa-pacifico-iv\/\",\"name\":\"PLAYA PAC\u00cdFICO IV | ARRIENDO DEPARTAMENTO | IV REGION\",\"isPartOf\":{\"@id\":\"https:\/\/cardemilgestioninmobiliaria.cl\/#website\"},\"primaryImageOfPage\":{\"@id\":\"https:\/\/cardemilgestioninmobiliaria.cl\/index.php\/product\/arriendo-departamento-2d-1b-4pers-playa-pacifico-iv\/#primaryimage\"},\"image\":{\"@id\":\"https:\/\/cardemilgestioninmobiliaria.cl\/index.php\/product\/arriendo-departamento-2d-1b-4pers-playa-pacifico-iv\/#primaryimage\"},\"thumbnailUrl\":\"https:\/\/cardemilgestioninmobiliaria.cl\/wp-content\/uploads\/2023\/10\/IMG_0272-scaled.jpg\",\"datePublished\":\"2023-10-06T12:50:43+00:00\",\"dateModified\":\"2026-04-14T15:31:00+00:00\",\"description\":\"ARRIENDO DEPARTAMENTO, 2D-1B, 4PERS, PLAYA PAC\u00edFICO IV - Arriendo Departamentos | La Serena Coquimbo | Vi\u00f1a del Mar - Chile.\",\"breadcrumb\":{\"@id\":\"https:\/\/cardemilgestioninmobiliaria.cl\/index.php\/product\/arriendo-departamento-2d-1b-4pers-playa-pacifico-iv\/#breadcrumb\"},\"inLanguage\":\"en-US\",\"potentialAction\":[{\"@type\":\"ReadAction\",\"target\":[\"https:\/\/cardemilgestioninmobiliaria.cl\/index.php\/product\/arriendo-departamento-2d-1b-4pers-playa-pacifico-iv\/\"]}]},{\"@type\":\"ImageObject\",\"inLanguage\":\"en-US\",\"@id\":\"https:\/\/cardemilgestioninmobiliaria.cl\/index.php\/product\/arriendo-departamento-2d-1b-4pers-playa-pacifico-iv\/#primaryimage\",\"url\":\"https:\/\/cardemilgestioninmobiliaria.cl\/wp-content\/uploads\/2023\/10\/IMG_0272-scaled.jpg\",\"contentUrl\":\"https:\/\/cardemilgestioninmobiliaria.cl\/wp-content\/uploads\/2023\/10\/IMG_0272-scaled.jpg\",\"width\":2560,\"height\":1920},{\"@type\":\"BreadcrumbList\",\"@id\":\"https:\/\/cardemilgestioninmobiliaria.cl\/index.php\/product\/arriendo-departamento-2d-1b-4pers-playa-pacifico-iv\/#breadcrumb\",\"itemListElement\":[{\"@type\":\"ListItem\",\"position\":1,\"name\":\"Home\",\"item\":\"https:\/\/cardemilgestioninmobiliaria.cl\/\"},{\"@type\":\"ListItem\",\"position\":2,\"name\":\"Products\",\"item\":\"https:\/\/cardemilgestioninmobiliaria.cl\/index.php\/shop\/\"},{\"@type\":\"ListItem\",\"position\":3,\"name\":\"ARRIENDO DEPARTAMENTO, 2D-1B, 4PERS, PLAYA PAC\u00edFICO IV\"}]},{\"@type\":\"WebSite\",\"@id\":\"https:\/\/cardemilgestioninmobiliaria.cl\/#website\",\"url\":\"https:\/\/cardemilgestioninmobiliaria.cl\/\",\"name\":\"Arriendo Departamentos | La Serena Coquimbo | Vi\u00f1a del Mar\",\"description\":\"\",\"publisher\":{\"@id\":\"https:\/\/cardemilgestioninmobiliaria.cl\/#organization\"},\"potentialAction\":[{\"@type\":\"SearchAction\",\"target\":{\"@type\":\"EntryPoint\",\"urlTemplate\":\"https:\/\/cardemilgestioninmobiliaria.cl\/?s={search_term_string}\"},\"query-input\":\"required name=search_term_string\"}],\"inLanguage\":\"en-US\"},{\"@type\":\"Organization\",\"@id\":\"https:\/\/cardemilgestioninmobiliaria.cl\/#organization\",\"name\":\"Arriendo Departamentos | La Serena Coquimbo | Vi\u00f1a del Mar\",\"url\":\"https:\/\/cardemilgestioninmobiliaria.cl\/\",\"logo\":{\"@type\":\"ImageObject\",\"inLanguage\":\"en-US\",\"@id\":\"https:\/\/cardemilgestioninmobiliaria.cl\/#\/schema\/logo\/image\/\",\"url\":\"https:\/\/cardemilgestioninmobiliaria.cl\/wp-content\/uploads\/2023\/10\/cropped-logo.png\",\"contentUrl\":\"https:\/\/cardemilgestioninmobiliaria.cl\/wp-content\/uploads\/2023\/10\/cropped-logo.png\",\"width\":312,\"height\":104,\"caption\":\"Arriendo Departamentos  | La Serena Coquimbo | Vi\u00f1a del Mar\"},\"image\":{\"@id\":\"https:\/\/cardemilgestioninmobiliaria.cl\/#\/schema\/logo\/image\/\"}}]}<\/script>\n<!-- \/ Yoast SEO plugin. -->","yoast_head_json":{"title":"PLAYA PAC\u00cdFICO IV | ARRIENDO DEPARTAMENTO | IV REGION","description":"ARRIENDO DEPARTAMENTO, 2D-1B, 4PERS, PLAYA PAC\u00edFICO IV - Arriendo Departamentos | La Serena Coquimbo | Vi\u00f1a del Mar - Chile.","robots":{"index":"index","follow":"follow","max-snippet":"max-snippet:-1","max-image-preview":"max-image-preview:large","max-video-preview":"max-video-preview:-1"},"canonical":"https:\/\/cardemilgestioninmobiliaria.cl\/index.php\/product\/arriendo-departamento-2d-1b-4pers-playa-pacifico-iv\/","og_locale":"en_US","og_type":"article","og_title":"PLAYA PAC\u00cdFICO IV | ARRIENDO DEPARTAMENTO | IV REGION","og_description":"ARRIENDO DEPARTAMENTO, 2D-1B, 4PERS, PLAYA PAC\u00edFICO IV - Arriendo Departamentos | La Serena Coquimbo | Vi\u00f1a del Mar - Chile.","og_url":"https:\/\/cardemilgestioninmobiliaria.cl\/index.php\/product\/arriendo-departamento-2d-1b-4pers-playa-pacifico-iv\/","og_site_name":"Arriendo Departamentos | La Serena Coquimbo | Vi\u00f1a del Mar","article_modified_time":"2026-04-14T15:31:00+00:00","og_image":[{"width":2560,"height":1920,"url":"https:\/\/cardemilgestioninmobiliaria.cl\/wp-content\/uploads\/2023\/10\/IMG_0272-scaled.jpg","type":"image\/jpeg"}],"twitter_card":"summary_large_image","twitter_misc":{"Est. reading time":"2 minutes"},"schema":{"@context":"https:\/\/schema.org","@graph":[{"@type":"WebPage","@id":"https:\/\/cardemilgestioninmobiliaria.cl\/index.php\/product\/arriendo-departamento-2d-1b-4pers-playa-pacifico-iv\/","url":"https:\/\/cardemilgestioninmobiliaria.cl\/index.php\/product\/arriendo-departamento-2d-1b-4pers-playa-pacifico-iv\/","name":"PLAYA PAC\u00cdFICO IV | ARRIENDO DEPARTAMENTO | IV REGION","isPartOf":{"@id":"https:\/\/cardemilgestioninmobiliaria.cl\/#website"},"primaryImageOfPage":{"@id":"https:\/\/cardemilgestioninmobiliaria.cl\/index.php\/product\/arriendo-departamento-2d-1b-4pers-playa-pacifico-iv\/#primaryimage"},"image":{"@id":"https:\/\/cardemilgestioninmobiliaria.cl\/index.php\/product\/arriendo-departamento-2d-1b-4pers-playa-pacifico-iv\/#primaryimage"},"thumbnailUrl":"https:\/\/cardemilgestioninmobiliaria.cl\/wp-content\/uploads\/2023\/10\/IMG_0272-scaled.jpg","datePublished":"2023-10-06T12:50:43+00:00","dateModified":"2026-04-14T15:31:00+00:00","description":"ARRIENDO DEPARTAMENTO, 2D-1B, 4PERS, PLAYA PAC\u00edFICO IV - Arriendo Departamentos | La Serena Coquimbo | Vi\u00f1a del Mar - Chile.","breadcrumb":{"@id":"https:\/\/cardemilgestioninmobiliaria.cl\/index.php\/product\/arriendo-departamento-2d-1b-4pers-playa-pacifico-iv\/#breadcrumb"},"inLanguage":"en-US","potentialAction":[{"@type":"ReadAction","target":["https:\/\/cardemilgestioninmobiliaria.cl\/index.php\/product\/arriendo-departamento-2d-1b-4pers-playa-pacifico-iv\/"]}]},{"@type":"ImageObject","inLanguage":"en-US","@id":"https:\/\/cardemilgestioninmobiliaria.cl\/index.php\/product\/arriendo-departamento-2d-1b-4pers-playa-pacifico-iv\/#primaryimage","url":"https:\/\/cardemilgestioninmobiliaria.cl\/wp-content\/uploads\/2023\/10\/IMG_0272-scaled.jpg","contentUrl":"https:\/\/cardemilgestioninmobiliaria.cl\/wp-content\/uploads\/2023\/10\/IMG_0272-scaled.jpg","width":2560,"height":1920},{"@type":"BreadcrumbList","@id":"https:\/\/cardemilgestioninmobiliaria.cl\/index.php\/product\/arriendo-departamento-2d-1b-4pers-playa-pacifico-iv\/#breadcrumb","itemListElement":[{"@type":"ListItem","position":1,"name":"Home","item":"https:\/\/cardemilgestioninmobiliaria.cl\/"},{"@type":"ListItem","position":2,"name":"Products","item":"https:\/\/cardemilgestioninmobiliaria.cl\/index.php\/shop\/"},{"@type":"ListItem","position":3,"name":"ARRIENDO DEPARTAMENTO, 2D-1B, 4PERS, PLAYA PAC\u00edFICO IV"}]},{"@type":"WebSite","@id":"https:\/\/cardemilgestioninmobiliaria.cl\/#website","url":"https:\/\/cardemilgestioninmobiliaria.cl\/","name":"Arriendo Departamentos | La Serena Coquimbo | Vi\u00f1a del Mar","description":"","publisher":{"@id":"https:\/\/cardemilgestioninmobiliaria.cl\/#organization"},"potentialAction":[{"@type":"SearchAction","target":{"@type":"EntryPoint","urlTemplate":"https:\/\/cardemilgestioninmobiliaria.cl\/?s={search_term_string}"},"query-input":"required name=search_term_string"}],"inLanguage":"en-US"},{"@type":"Organization","@id":"https:\/\/cardemilgestioninmobiliaria.cl\/#organization","name":"Arriendo Departamentos | La Serena Coquimbo | Vi\u00f1a del Mar","url":"https:\/\/cardemilgestioninmobiliaria.cl\/","logo":{"@type":"ImageObject","inLanguage":"en-US","@id":"https:\/\/cardemilgestioninmobiliaria.cl\/#\/schema\/logo\/image\/","url":"https:\/\/cardemilgestioninmobiliaria.cl\/wp-content\/uploads\/2023\/10\/cropped-logo.png","contentUrl":"https:\/\/cardemilgestioninmobiliaria.cl\/wp-content\/uploads\/2023\/10\/cropped-logo.png","width":312,"height":104,"caption":"Arriendo Departamentos  | La Serena Coquimbo | Vi\u00f1a del Mar"},"image":{"@id":"https:\/\/cardemilgestioninmobiliaria.cl\/#\/schema\/logo\/image\/"}}]}},"_links":{"self":[{"href":"https:\/\/cardemilgestioninmobiliaria.cl\/index.php\/wp-json\/wp\/v2\/product\/93","targetHints":{"allow":["GET"]}}],"collection":[{"href":"https:\/\/cardemilgestioninmobiliaria.cl\/index.php\/wp-json\/wp\/v2\/product"}],"about":[{"href":"https:\/\/cardemilgestioninmobiliaria.cl\/index.php\/wp-json\/wp\/v2\/types\/product"}],"replies":[{"embeddable":true,"href":"https:\/\/cardemilgestioninmobiliaria.cl\/index.php\/wp-json\/wp\/v2\/comments?post=93"}],"wp:featuredmedia":[{"embeddable":true,"href":"https:\/\/cardemilgestioninmobiliaria.cl\/index.php\/wp-json\/wp\/v2\/media\/606"}],"wp:attachment":[{"href":"https:\/\/cardemilgestioninmobiliaria.cl\/index.php\/wp-json\/wp\/v2\/media?parent=93"}],"wp:term":[{"taxonomy":"product_cat","embeddable":true,"href":"https:\/\/cardemilgestioninmobiliaria.cl\/index.php\/wp-json\/wp\/v2\/product_cat?post=93"},{"taxonomy":"product_tag","embeddable":true,"href":"https:\/\/cardemilgestioninmobiliaria.cl\/index.php\/wp-json\/wp\/v2\/product_tag?post=93"}],"curies":[{"name":"wp","href":"https:\/\/api.w.org\/{rel}","templated":true}]}}