{"id":44,"date":"2023-10-06T12:46:55","date_gmt":"2023-10-06T12:46:55","guid":{"rendered":"https:\/\/cardemilgestioninmobiliaria.cl\/?post_type=product&#038;p=44"},"modified":"2023-10-12T13:26:52","modified_gmt":"2023-10-12T13:26:52","slug":"arriendo-4-personas-2d-y-1b-puerta-del-mar","status":"publish","type":"product","link":"https:\/\/cardemilgestioninmobiliaria.cl\/index.php\/product\/arriendo-4-personas-2d-y-1b-puerta-del-mar\/","title":{"rendered":"ARRIENDO VERANO 2024, 4 PERSONAS,  2D Y 1B, PUERTA DEL MAR"},"content":{"rendered":"<h4><strong>Condominio Jardines del Pac\u00edfico en La Serena:<\/strong><\/h4>\n<p>Condominio Jardines del Pac\u00edfico, Ubicado en el sector de Puerta del Mar, este condominio ofrece una ubicaci\u00f3n privilegiada con cercan\u00eda a centros comerciales, supermercados, colegios, universidades y una excelente conectividad con el centro de la ciudad. Adem\u00e1s, brinda vistas espectaculares a la playa. Aunque no dispone de ascensores, se destaca por sus hermosos espacios comunes y \u00e1reas verdes.<\/p>\n<h4><strong>Ubicaci\u00f3n Estrat\u00e9gica:<\/strong><\/h4>\n<p>El condominio se encuentra en la Avenida Pac\u00edfico 510, La Serena, a pasos de la Avenida del Mar y la Ruta 5, con vistas panor\u00e1micas al mar. Sus \u00e1reas comunes incluyen quinchos, juegos infantiles modulares, equipos de ejercicio al aire libre, bicicleteros, una gran piscina y acceso controlado.<\/p>\n<p><strong>Tarifas y Servicios:<\/strong><\/p>\n<ul>\n<li><strong>Verano 2022 (M\u00ednimo de 7 noches):<\/strong> $50,000 diarios.<\/li>\n<li><strong>Aseo Final:<\/strong> $25.00.<\/li>\n<\/ul>\n<p><strong>Caracter\u00edsticas del Departamento:<\/strong><\/p>\n<ul>\n<li>2 Dormitorios.<\/li>\n<li>1 Ba\u00f1o.<\/li>\n<li>Ubicado en el primer piso.<\/li>\n<li>Sin ascensor.<\/li>\n<li>Balc\u00f3n con vista al mar.<\/li>\n<li>Cocina americana totalmente equipada.<\/li>\n<li>Loggia cerrada con calefont de funcionamiento dual a trav\u00e9s de paneles solares y gas, adem\u00e1s de lavadora.<\/li>\n<li>Piso flotante en todo el departamento.<\/li>\n<li>Lavadora.<\/li>\n<li>TV por cable.<\/li>\n<li>S\u00e1banas incluidas.<\/li>\n<\/ul>\n<p>Este departamento en La Serena ofrece comodidad y vistas al mar. Es una excelente opci\u00f3n para disfrutar de tus vacaciones o estancias cortas. \u00a1Reserva ahora y aprovecha estas tarifas especiales!<\/p>\n<div class=\"flex-col gap-1 md:gap-3\">\n<div class=\"flex flex-grow flex-col gap-3 max-w-full\">\n<div class=\"min-h-[20px] flex flex-col items-start gap-3 whitespace-pre-wrap break-words overflow-x-auto\">\n<div class=\"markdown prose w-full break-words dark:prose-invert light\">\n<p>En Condominio Jardines del Pac\u00edfico, descubrir\u00e1s una experiencia de vida excepcional. Estrat\u00e9gicamente ubicado en el sector de Puerta del Mar, este complejo residencial ofrece una vida de comodidad y bienestar.<\/p>\n<p>El departamento en oferta cuenta con 2 dormitorios, 1 ba\u00f1o, cocina americana completamente equipada, loggia cerrada con calef\u00f3n de funcionamiento dual a trav\u00e9s de paneles solares y gas, una lavadora, piso flotante en todo el departamento, TV por cable y s\u00e1banas incluidas. Este es tu hogar lejos de casa en La Serena.<\/p>\n<p>Reserva ahora y experimenta el encanto de Condominio Jardines del Pac\u00edfico en tu pr\u00f3xima escapada a la playa. \u00a1No pierdas esta oportunidad!<\/p>\n<\/div>\n<\/div>\n<\/div>\n<\/div>\n","protected":false},"excerpt":{"rendered":"<ul>\n<li>EL CONDOMINIO JARDINES DEL PACIFICO , UBICADO EN EL SECTOR DE PUERTA DEL MAR, CERCANO A UN CENTRO COMERCIAL, SUPERMERCADOS, COLEGIOS Y UNIVERSIDADES, ADEM\u00c1S DE TENER UNA GRAN CONECTIVIDAD CON EL CENTRO, LA CIUDAD Y UNA VISTA PRIVILEGIADA DE LA PLAYA.<\/li>\n<li>SIN ASCENSORES<\/li>\n<li>HERMOSOS ESPACIOS COMUNES Y \u00c1REAS VERDES.<\/li>\n<li>UBICADO EN LA AV PACIFICO 510, LA SERENA<\/li>\n<li>A PASOS DE LA AV DEL MAR Y DE LA RUTA 5.<\/li>\n<li>CON UNA VISTA PRECIOSA DE LA AV DEL MAR.<\/li>\n<li>SUS \u00c1REAS COMUNES CUENTAN CON QUINCHOS, JUEGOS INFANTILES MODULARES, M\u00c1QUINAS PARA HACER EJERCICIOS AL AIRE LIBRE, BICICLETEROS, GRAN PISCINA Y ACCESO CONTROLADO.\n<div>\n<div>\n<p>$ 50.000 DIARIO VERANO 2022\u00a0 M\u00cdNIMO DE NOCHES: 7<\/p>\n<div>aseo final $ 25.00<\/div>\n<\/div>\n<div>EL DEPARTAMENTO TIENE<\/div>\n<\/div>\n<div>\n<ul>\n<li>2 DORMITORIO<\/li>\n<li>1 BA\u00d1O<\/li>\n<li>PISO 1<\/li>\n<li>SIN ASCENSOR<\/li>\n<li>VISTA AL MAR<\/li>\n<li>COCINA AMERICANA FULL EQUIPADA<\/li>\n<li>LOGGIA CERRADA CON CALEFONT CON BI-FUNCIONAMIENTO DE PANELES SOLARES V\/S GAS. Y\u00a0 LAVADORA<\/li>\n<li>PISO FLOTANTE EN TODO EL DEPARTAMENTO<\/li>\n<li>LAVADORA<\/li>\n<li>TV CABLE<\/li>\n<li>SABANAS<\/li>\n<\/ul>\n<\/div>\n<\/li>\n<\/ul>\n","protected":false},"featured_media":502,"comment_status":"open","ping_status":"closed","template":"","meta":{"site-sidebar-layout":"default","site-content-layout":"default","ast-site-content-layout":"default","site-content-style":"default","site-sidebar-style":"default","ast-global-header-display":"","ast-banner-title-visibility":"","ast-main-header-display":"","ast-hfb-above-header-display":"","ast-hfb-below-header-display":"","ast-hfb-mobile-header-display":"","site-post-title":"","ast-breadcrumbs-content":"","ast-featured-img":"","footer-sml-layout":"","theme-transparent-header-meta":"default","adv-header-id-meta":"","stick-header-meta":"","header-above-stick-meta":"","header-main-stick-meta":"","header-below-stick-meta":"","astra-migrate-meta-layouts":"set","_joinchat":[]},"product_cat":[19],"product_tag":[18],"class_list":{"0":"post-44","1":"product","2":"type-product","3":"status-publish","4":"has-post-thumbnail","6":"product_cat-arriendo-diario","7":"product_tag-departamentos","8":"desktop-align-left","9":"tablet-align-left","10":"mobile-align-left","12":"first","13":"instock","14":"shipping-taxable","15":"purchasable","16":"product-type-simple"},"yoast_head":"<!-- This site is optimized with the Yoast SEO plugin v22.7 - https:\/\/yoast.com\/wordpress\/plugins\/seo\/ -->\n<title>CONDOMINIO JARDINES DEL PAC\u00cdFICO, ARRIENDO DPTO<\/title>\n<meta name=\"description\" content=\"CONDOMINIO JARDINES DEL PAC\u00cdFICO, DEPARTAMENTO $50.000 DIARIOS, 4 PERSONAS, 2 DORMITORIOS , 1 BA\u00d1O | ARRIENDOS LA SERENA - COQUIMBO\" \/>\n<meta name=\"robots\" content=\"index, follow, max-snippet:-1, max-image-preview:large, max-video-preview:-1\" \/>\n<link rel=\"canonical\" href=\"https:\/\/cardemilgestioninmobiliaria.cl\/index.php\/product\/arriendo-4-personas-2d-y-1b-puerta-del-mar\/\" \/>\n<meta property=\"og:locale\" content=\"en_US\" \/>\n<meta property=\"og:type\" content=\"article\" \/>\n<meta property=\"og:title\" content=\"CONDOMINIO JARDINES DEL PAC\u00cdFICO, ARRIENDO DPTO\" \/>\n<meta property=\"og:description\" content=\"CONDOMINIO JARDINES DEL PAC\u00cdFICO, DEPARTAMENTO $50.000 DIARIOS, 4 PERSONAS, 2 DORMITORIOS , 1 BA\u00d1O | ARRIENDOS LA SERENA - COQUIMBO\" \/>\n<meta property=\"og:url\" content=\"https:\/\/cardemilgestioninmobiliaria.cl\/index.php\/product\/arriendo-4-personas-2d-y-1b-puerta-del-mar\/\" \/>\n<meta property=\"og:site_name\" content=\"Arriendo Departamentos | La Serena Coquimbo | Vi\u00f1a del Mar\" \/>\n<meta property=\"article:modified_time\" content=\"2023-10-12T13:26:52+00:00\" \/>\n<meta property=\"og:image\" content=\"https:\/\/cardemilgestioninmobiliaria.cl\/wp-content\/uploads\/2023\/10\/IMG-20210603-WA0039.jpg\" \/>\n\t<meta property=\"og:image:width\" content=\"960\" \/>\n\t<meta property=\"og:image:height\" content=\"1280\" \/>\n\t<meta property=\"og:image:type\" content=\"image\/jpeg\" \/>\n<meta name=\"twitter:card\" content=\"summary_large_image\" \/>\n<meta name=\"twitter:label1\" content=\"Est. reading time\" \/>\n\t<meta name=\"twitter:data1\" content=\"2 minutes\" \/>\n<script type=\"application\/ld+json\" class=\"yoast-schema-graph\">{\"@context\":\"https:\/\/schema.org\",\"@graph\":[{\"@type\":\"WebPage\",\"@id\":\"https:\/\/cardemilgestioninmobiliaria.cl\/index.php\/product\/arriendo-4-personas-2d-y-1b-puerta-del-mar\/\",\"url\":\"https:\/\/cardemilgestioninmobiliaria.cl\/index.php\/product\/arriendo-4-personas-2d-y-1b-puerta-del-mar\/\",\"name\":\"CONDOMINIO JARDINES DEL PAC\u00cdFICO, ARRIENDO DPTO\",\"isPartOf\":{\"@id\":\"https:\/\/cardemilgestioninmobiliaria.cl\/#website\"},\"primaryImageOfPage\":{\"@id\":\"https:\/\/cardemilgestioninmobiliaria.cl\/index.php\/product\/arriendo-4-personas-2d-y-1b-puerta-del-mar\/#primaryimage\"},\"image\":{\"@id\":\"https:\/\/cardemilgestioninmobiliaria.cl\/index.php\/product\/arriendo-4-personas-2d-y-1b-puerta-del-mar\/#primaryimage\"},\"thumbnailUrl\":\"https:\/\/cardemilgestioninmobiliaria.cl\/wp-content\/uploads\/2023\/10\/IMG-20210603-WA0039.jpg\",\"datePublished\":\"2023-10-06T12:46:55+00:00\",\"dateModified\":\"2023-10-12T13:26:52+00:00\",\"description\":\"CONDOMINIO JARDINES DEL PAC\u00cdFICO, DEPARTAMENTO $50.000 DIARIOS, 4 PERSONAS, 2 DORMITORIOS , 1 BA\u00d1O | ARRIENDOS LA SERENA - COQUIMBO\",\"breadcrumb\":{\"@id\":\"https:\/\/cardemilgestioninmobiliaria.cl\/index.php\/product\/arriendo-4-personas-2d-y-1b-puerta-del-mar\/#breadcrumb\"},\"inLanguage\":\"en-US\",\"potentialAction\":[{\"@type\":\"ReadAction\",\"target\":[\"https:\/\/cardemilgestioninmobiliaria.cl\/index.php\/product\/arriendo-4-personas-2d-y-1b-puerta-del-mar\/\"]}]},{\"@type\":\"ImageObject\",\"inLanguage\":\"en-US\",\"@id\":\"https:\/\/cardemilgestioninmobiliaria.cl\/index.php\/product\/arriendo-4-personas-2d-y-1b-puerta-del-mar\/#primaryimage\",\"url\":\"https:\/\/cardemilgestioninmobiliaria.cl\/wp-content\/uploads\/2023\/10\/IMG-20210603-WA0039.jpg\",\"contentUrl\":\"https:\/\/cardemilgestioninmobiliaria.cl\/wp-content\/uploads\/2023\/10\/IMG-20210603-WA0039.jpg\",\"width\":960,\"height\":1280},{\"@type\":\"BreadcrumbList\",\"@id\":\"https:\/\/cardemilgestioninmobiliaria.cl\/index.php\/product\/arriendo-4-personas-2d-y-1b-puerta-del-mar\/#breadcrumb\",\"itemListElement\":[{\"@type\":\"ListItem\",\"position\":1,\"name\":\"Home\",\"item\":\"https:\/\/cardemilgestioninmobiliaria.cl\/\"},{\"@type\":\"ListItem\",\"position\":2,\"name\":\"Products\",\"item\":\"https:\/\/cardemilgestioninmobiliaria.cl\/index.php\/shop\/\"},{\"@type\":\"ListItem\",\"position\":3,\"name\":\"ARRIENDO VERANO 2024, 4 PERSONAS, 2D Y 1B, PUERTA DEL MAR\"}]},{\"@type\":\"WebSite\",\"@id\":\"https:\/\/cardemilgestioninmobiliaria.cl\/#website\",\"url\":\"https:\/\/cardemilgestioninmobiliaria.cl\/\",\"name\":\"Arriendo Departamentos | La Serena Coquimbo | Vi\u00f1a del Mar\",\"description\":\"\",\"publisher\":{\"@id\":\"https:\/\/cardemilgestioninmobiliaria.cl\/#organization\"},\"potentialAction\":[{\"@type\":\"SearchAction\",\"target\":{\"@type\":\"EntryPoint\",\"urlTemplate\":\"https:\/\/cardemilgestioninmobiliaria.cl\/?s={search_term_string}\"},\"query-input\":\"required name=search_term_string\"}],\"inLanguage\":\"en-US\"},{\"@type\":\"Organization\",\"@id\":\"https:\/\/cardemilgestioninmobiliaria.cl\/#organization\",\"name\":\"Arriendo Departamentos | La Serena Coquimbo | Vi\u00f1a del Mar\",\"url\":\"https:\/\/cardemilgestioninmobiliaria.cl\/\",\"logo\":{\"@type\":\"ImageObject\",\"inLanguage\":\"en-US\",\"@id\":\"https:\/\/cardemilgestioninmobiliaria.cl\/#\/schema\/logo\/image\/\",\"url\":\"https:\/\/cardemilgestioninmobiliaria.cl\/wp-content\/uploads\/2023\/10\/cropped-logo.png\",\"contentUrl\":\"https:\/\/cardemilgestioninmobiliaria.cl\/wp-content\/uploads\/2023\/10\/cropped-logo.png\",\"width\":312,\"height\":104,\"caption\":\"Arriendo Departamentos  | La Serena Coquimbo | Vi\u00f1a del Mar\"},\"image\":{\"@id\":\"https:\/\/cardemilgestioninmobiliaria.cl\/#\/schema\/logo\/image\/\"}}]}<\/script>\n<!-- \/ Yoast SEO plugin. -->","yoast_head_json":{"title":"CONDOMINIO JARDINES DEL PAC\u00cdFICO, ARRIENDO DPTO","description":"CONDOMINIO JARDINES DEL PAC\u00cdFICO, DEPARTAMENTO $50.000 DIARIOS, 4 PERSONAS, 2 DORMITORIOS , 1 BA\u00d1O | ARRIENDOS LA SERENA - COQUIMBO","robots":{"index":"index","follow":"follow","max-snippet":"max-snippet:-1","max-image-preview":"max-image-preview:large","max-video-preview":"max-video-preview:-1"},"canonical":"https:\/\/cardemilgestioninmobiliaria.cl\/index.php\/product\/arriendo-4-personas-2d-y-1b-puerta-del-mar\/","og_locale":"en_US","og_type":"article","og_title":"CONDOMINIO JARDINES DEL PAC\u00cdFICO, ARRIENDO DPTO","og_description":"CONDOMINIO JARDINES DEL PAC\u00cdFICO, DEPARTAMENTO $50.000 DIARIOS, 4 PERSONAS, 2 DORMITORIOS , 1 BA\u00d1O | ARRIENDOS LA SERENA - COQUIMBO","og_url":"https:\/\/cardemilgestioninmobiliaria.cl\/index.php\/product\/arriendo-4-personas-2d-y-1b-puerta-del-mar\/","og_site_name":"Arriendo Departamentos | La Serena Coquimbo | Vi\u00f1a del Mar","article_modified_time":"2023-10-12T13:26:52+00:00","og_image":[{"width":960,"height":1280,"url":"https:\/\/cardemilgestioninmobiliaria.cl\/wp-content\/uploads\/2023\/10\/IMG-20210603-WA0039.jpg","type":"image\/jpeg"}],"twitter_card":"summary_large_image","twitter_misc":{"Est. reading time":"2 minutes"},"schema":{"@context":"https:\/\/schema.org","@graph":[{"@type":"WebPage","@id":"https:\/\/cardemilgestioninmobiliaria.cl\/index.php\/product\/arriendo-4-personas-2d-y-1b-puerta-del-mar\/","url":"https:\/\/cardemilgestioninmobiliaria.cl\/index.php\/product\/arriendo-4-personas-2d-y-1b-puerta-del-mar\/","name":"CONDOMINIO JARDINES DEL PAC\u00cdFICO, ARRIENDO DPTO","isPartOf":{"@id":"https:\/\/cardemilgestioninmobiliaria.cl\/#website"},"primaryImageOfPage":{"@id":"https:\/\/cardemilgestioninmobiliaria.cl\/index.php\/product\/arriendo-4-personas-2d-y-1b-puerta-del-mar\/#primaryimage"},"image":{"@id":"https:\/\/cardemilgestioninmobiliaria.cl\/index.php\/product\/arriendo-4-personas-2d-y-1b-puerta-del-mar\/#primaryimage"},"thumbnailUrl":"https:\/\/cardemilgestioninmobiliaria.cl\/wp-content\/uploads\/2023\/10\/IMG-20210603-WA0039.jpg","datePublished":"2023-10-06T12:46:55+00:00","dateModified":"2023-10-12T13:26:52+00:00","description":"CONDOMINIO JARDINES DEL PAC\u00cdFICO, DEPARTAMENTO $50.000 DIARIOS, 4 PERSONAS, 2 DORMITORIOS , 1 BA\u00d1O | ARRIENDOS LA SERENA - COQUIMBO","breadcrumb":{"@id":"https:\/\/cardemilgestioninmobiliaria.cl\/index.php\/product\/arriendo-4-personas-2d-y-1b-puerta-del-mar\/#breadcrumb"},"inLanguage":"en-US","potentialAction":[{"@type":"ReadAction","target":["https:\/\/cardemilgestioninmobiliaria.cl\/index.php\/product\/arriendo-4-personas-2d-y-1b-puerta-del-mar\/"]}]},{"@type":"ImageObject","inLanguage":"en-US","@id":"https:\/\/cardemilgestioninmobiliaria.cl\/index.php\/product\/arriendo-4-personas-2d-y-1b-puerta-del-mar\/#primaryimage","url":"https:\/\/cardemilgestioninmobiliaria.cl\/wp-content\/uploads\/2023\/10\/IMG-20210603-WA0039.jpg","contentUrl":"https:\/\/cardemilgestioninmobiliaria.cl\/wp-content\/uploads\/2023\/10\/IMG-20210603-WA0039.jpg","width":960,"height":1280},{"@type":"BreadcrumbList","@id":"https:\/\/cardemilgestioninmobiliaria.cl\/index.php\/product\/arriendo-4-personas-2d-y-1b-puerta-del-mar\/#breadcrumb","itemListElement":[{"@type":"ListItem","position":1,"name":"Home","item":"https:\/\/cardemilgestioninmobiliaria.cl\/"},{"@type":"ListItem","position":2,"name":"Products","item":"https:\/\/cardemilgestioninmobiliaria.cl\/index.php\/shop\/"},{"@type":"ListItem","position":3,"name":"ARRIENDO VERANO 2024, 4 PERSONAS, 2D Y 1B, PUERTA DEL MAR"}]},{"@type":"WebSite","@id":"https:\/\/cardemilgestioninmobiliaria.cl\/#website","url":"https:\/\/cardemilgestioninmobiliaria.cl\/","name":"Arriendo Departamentos | La Serena Coquimbo | Vi\u00f1a del Mar","description":"","publisher":{"@id":"https:\/\/cardemilgestioninmobiliaria.cl\/#organization"},"potentialAction":[{"@type":"SearchAction","target":{"@type":"EntryPoint","urlTemplate":"https:\/\/cardemilgestioninmobiliaria.cl\/?s={search_term_string}"},"query-input":"required name=search_term_string"}],"inLanguage":"en-US"},{"@type":"Organization","@id":"https:\/\/cardemilgestioninmobiliaria.cl\/#organization","name":"Arriendo Departamentos | La Serena Coquimbo | Vi\u00f1a del Mar","url":"https:\/\/cardemilgestioninmobiliaria.cl\/","logo":{"@type":"ImageObject","inLanguage":"en-US","@id":"https:\/\/cardemilgestioninmobiliaria.cl\/#\/schema\/logo\/image\/","url":"https:\/\/cardemilgestioninmobiliaria.cl\/wp-content\/uploads\/2023\/10\/cropped-logo.png","contentUrl":"https:\/\/cardemilgestioninmobiliaria.cl\/wp-content\/uploads\/2023\/10\/cropped-logo.png","width":312,"height":104,"caption":"Arriendo Departamentos  | La Serena Coquimbo | Vi\u00f1a del Mar"},"image":{"@id":"https:\/\/cardemilgestioninmobiliaria.cl\/#\/schema\/logo\/image\/"}}]}},"_links":{"self":[{"href":"https:\/\/cardemilgestioninmobiliaria.cl\/index.php\/wp-json\/wp\/v2\/product\/44","targetHints":{"allow":["GET"]}}],"collection":[{"href":"https:\/\/cardemilgestioninmobiliaria.cl\/index.php\/wp-json\/wp\/v2\/product"}],"about":[{"href":"https:\/\/cardemilgestioninmobiliaria.cl\/index.php\/wp-json\/wp\/v2\/types\/product"}],"replies":[{"embeddable":true,"href":"https:\/\/cardemilgestioninmobiliaria.cl\/index.php\/wp-json\/wp\/v2\/comments?post=44"}],"wp:featuredmedia":[{"embeddable":true,"href":"https:\/\/cardemilgestioninmobiliaria.cl\/index.php\/wp-json\/wp\/v2\/media\/502"}],"wp:attachment":[{"href":"https:\/\/cardemilgestioninmobiliaria.cl\/index.php\/wp-json\/wp\/v2\/media?parent=44"}],"wp:term":[{"taxonomy":"product_cat","embeddable":true,"href":"https:\/\/cardemilgestioninmobiliaria.cl\/index.php\/wp-json\/wp\/v2\/product_cat?post=44"},{"taxonomy":"product_tag","embeddable":true,"href":"https:\/\/cardemilgestioninmobiliaria.cl\/index.php\/wp-json\/wp\/v2\/product_tag?post=44"}],"curies":[{"name":"wp","href":"https:\/\/api.w.org\/{rel}","templated":true}]}}