{"id":39,"date":"2023-10-06T12:46:54","date_gmt":"2023-10-06T12:46:54","guid":{"rendered":"https:\/\/cardemilgestioninmobiliaria.cl\/?post_type=product&#038;p=39"},"modified":"2024-11-18T04:57:03","modified_gmt":"2024-11-18T04:57:03","slug":"arriendo-depto-amoblado-2d-y-2b-gabriela-mistral","status":"publish","type":"product","link":"https:\/\/cardemilgestioninmobiliaria.cl\/index.php\/product\/arriendo-depto-amoblado-2d-y-2b-gabriela-mistral\/","title":{"rendered":"ARRIENDO DEPTO AMOBLADO, 2D Y 2B, GABRIELA MISTRAL"},"content":{"rendered":"<h3><\/h3>\n<p><strong>Arriendo de Departamento\u00a0 La Serena Amoblado en A\u00f1o Corrido en Condominio Alto del Parque &#8211; Gabriela Mistral con 4 Esquina:<\/strong><\/p>\n<p>Este amplio departamento amoblado, ubicado en el Condominio Alto del Parque, es una oportunidad \u00fanica de arriendo en la esquina de Gabriela Mistral con 4. El valor de arriendo incluye los gastos comunes y un estacionamiento, lo que simplifica tu experiencia de arriendo.<\/p>\n<p><strong>Caracter\u00edsticas del Departamento:<\/strong><\/p>\n<p>El departamento ofrece 110 metros cuadrados de espacio y cuenta con:<\/p>\n<ul>\n<li>Piso Flotante en todas sus \u00e1reas, proporcionando un ambiente acogedor y moderno.<\/li>\n<li>Un Dormitorio Matrimonial en Suite, con ducha y vestidor, adem\u00e1s de una hermosa vista hacia el oriente.<\/li>\n<li>Un Dormitorio Infantil con amplio closet y vistas hacia el poniente.<\/li>\n<li>Una Sala de Estar o Espacio para Home Office, brindando flexibilidad y comodidad.<\/li>\n<li>Un Segundo Ba\u00f1o con tina, para mayor versatilidad.<\/li>\n<li>Una Cocina El\u00e9ctrica Amplia, que incluye una espaciosa loggia.<\/li>\n<\/ul>\n<p>Este\u00a0 arriendo departamento La Serena es una opci\u00f3n ideal para quienes buscan un espacio amplio y c\u00f3modo para vivir en una ubicaci\u00f3n privilegiada. \u00a1No dejes pasar esta oportunidad y cont\u00e1ctanos para obtener m\u00e1s informaci\u00f3n y coordinar una visita! Tu nuevo hogar te espera.<\/p>\n","protected":false},"excerpt":{"rendered":"<div dir=\"auto\">ARRIENDO AMOBLADO A\u00d1O CORRIDO EN GABRIELA MISTRAL CON 4 ESQUINA CONDOMINIO ALTO DEL PARQUE. VALOR DE ARRIENDO INCLUYE GASTOS COMUNES T ESTACIONAMIENTO.<\/div>\n<div dir=\"auto\">110 M2.<\/div>\n<div dir=\"auto\">TODO EL DEPTO PISO FLOTANTE.<\/div>\n<div dir=\"auto\">DORMITORIO MATRIMONIAL EN SUITE CON SHOWER Y VESTIDOR VISTA ORIENTE.<\/div>\n<div dir=\"auto\">DORMITORIO NI\u00d1O VISTA PONIENTE CON AMPLIO CLOSET.<\/div>\n<div dir=\"auto\">SALA ESTAR O HOME OFFICE.<\/div>\n<div dir=\"auto\">SEGUNDO BA\u00d1O CON TINA.<\/div>\n<div dir=\"auto\">AMPLIA COCINA ELECTRICA CON AMPLIA LOGGIA<\/div>\n","protected":false},"featured_media":384,"comment_status":"open","ping_status":"closed","template":"","meta":{"site-sidebar-layout":"default","site-content-layout":"","ast-site-content-layout":"default","site-content-style":"default","site-sidebar-style":"default","ast-global-header-display":"","ast-banner-title-visibility":"","ast-main-header-display":"","ast-hfb-above-header-display":"","ast-hfb-below-header-display":"","ast-hfb-mobile-header-display":"","site-post-title":"","ast-breadcrumbs-content":"","ast-featured-img":"","footer-sml-layout":"","theme-transparent-header-meta":"default","adv-header-id-meta":"","stick-header-meta":"","header-above-stick-meta":"","header-main-stick-meta":"","header-below-stick-meta":"","astra-migrate-meta-layouts":"set","_joinchat":[]},"product_cat":[17],"product_tag":[18],"class_list":{"0":"post-39","1":"product","2":"type-product","3":"status-publish","4":"has-post-thumbnail","6":"product_cat-arriendo-anual","7":"product_tag-departamentos","8":"desktop-align-left","9":"tablet-align-left","10":"mobile-align-left","12":"first","13":"outofstock","14":"shipping-taxable","15":"purchasable","16":"product-type-simple"},"yoast_head":"<!-- This site is optimized with the Yoast SEO plugin v22.7 - https:\/\/yoast.com\/wordpress\/plugins\/seo\/ -->\n<title>ARRIENDO DEPARTAMENTO LA SERENA | IV REGION<\/title>\n<meta name=\"description\" content=\"ARRIENDO DEPARTAMENTO LA SERENA | AMOBLADO A\u00d1O CORRIDO EN GABRIELA MISTRAL CON 4 ESQUINA CONDOMINIO ALTO DEL PARQUE. VALOR DE ARRIENDO\" \/>\n<meta name=\"robots\" content=\"index, follow, max-snippet:-1, max-image-preview:large, max-video-preview:-1\" \/>\n<link rel=\"canonical\" href=\"https:\/\/cardemilgestioninmobiliaria.cl\/index.php\/product\/arriendo-depto-amoblado-2d-y-2b-gabriela-mistral\/\" \/>\n<meta property=\"og:locale\" content=\"en_US\" \/>\n<meta property=\"og:type\" content=\"article\" \/>\n<meta property=\"og:title\" content=\"ARRIENDO DEPARTAMENTO LA SERENA | IV REGION\" \/>\n<meta property=\"og:description\" content=\"ARRIENDO DEPARTAMENTO LA SERENA | AMOBLADO A\u00d1O CORRIDO EN GABRIELA MISTRAL CON 4 ESQUINA CONDOMINIO ALTO DEL PARQUE. VALOR DE ARRIENDO\" \/>\n<meta property=\"og:url\" content=\"https:\/\/cardemilgestioninmobiliaria.cl\/index.php\/product\/arriendo-depto-amoblado-2d-y-2b-gabriela-mistral\/\" \/>\n<meta property=\"og:site_name\" content=\"Arriendo Departamentos | La Serena Coquimbo | Vi\u00f1a del Mar\" \/>\n<meta property=\"article:modified_time\" content=\"2024-11-18T04:57:03+00:00\" \/>\n<meta property=\"og:image\" content=\"https:\/\/cardemilgestioninmobiliaria.cl\/wp-content\/uploads\/2023\/10\/20210223_120053-scaled.jpg\" \/>\n\t<meta property=\"og:image:width\" content=\"2560\" \/>\n\t<meta property=\"og:image:height\" content=\"1920\" \/>\n\t<meta property=\"og:image:type\" content=\"image\/jpeg\" \/>\n<meta name=\"twitter:card\" content=\"summary_large_image\" \/>\n<meta name=\"twitter:label1\" content=\"Est. reading time\" \/>\n\t<meta name=\"twitter:data1\" content=\"1 minute\" \/>\n<script type=\"application\/ld+json\" class=\"yoast-schema-graph\">{\"@context\":\"https:\/\/schema.org\",\"@graph\":[{\"@type\":\"WebPage\",\"@id\":\"https:\/\/cardemilgestioninmobiliaria.cl\/index.php\/product\/arriendo-depto-amoblado-2d-y-2b-gabriela-mistral\/\",\"url\":\"https:\/\/cardemilgestioninmobiliaria.cl\/index.php\/product\/arriendo-depto-amoblado-2d-y-2b-gabriela-mistral\/\",\"name\":\"ARRIENDO DEPARTAMENTO LA SERENA | IV REGION\",\"isPartOf\":{\"@id\":\"https:\/\/cardemilgestioninmobiliaria.cl\/#website\"},\"primaryImageOfPage\":{\"@id\":\"https:\/\/cardemilgestioninmobiliaria.cl\/index.php\/product\/arriendo-depto-amoblado-2d-y-2b-gabriela-mistral\/#primaryimage\"},\"image\":{\"@id\":\"https:\/\/cardemilgestioninmobiliaria.cl\/index.php\/product\/arriendo-depto-amoblado-2d-y-2b-gabriela-mistral\/#primaryimage\"},\"thumbnailUrl\":\"https:\/\/cardemilgestioninmobiliaria.cl\/wp-content\/uploads\/2023\/10\/20210223_120053-scaled.jpg\",\"datePublished\":\"2023-10-06T12:46:54+00:00\",\"dateModified\":\"2024-11-18T04:57:03+00:00\",\"description\":\"ARRIENDO DEPARTAMENTO LA SERENA | AMOBLADO A\u00d1O CORRIDO EN GABRIELA MISTRAL CON 4 ESQUINA CONDOMINIO ALTO DEL PARQUE. VALOR DE ARRIENDO\",\"breadcrumb\":{\"@id\":\"https:\/\/cardemilgestioninmobiliaria.cl\/index.php\/product\/arriendo-depto-amoblado-2d-y-2b-gabriela-mistral\/#breadcrumb\"},\"inLanguage\":\"en-US\",\"potentialAction\":[{\"@type\":\"ReadAction\",\"target\":[\"https:\/\/cardemilgestioninmobiliaria.cl\/index.php\/product\/arriendo-depto-amoblado-2d-y-2b-gabriela-mistral\/\"]}]},{\"@type\":\"ImageObject\",\"inLanguage\":\"en-US\",\"@id\":\"https:\/\/cardemilgestioninmobiliaria.cl\/index.php\/product\/arriendo-depto-amoblado-2d-y-2b-gabriela-mistral\/#primaryimage\",\"url\":\"https:\/\/cardemilgestioninmobiliaria.cl\/wp-content\/uploads\/2023\/10\/20210223_120053-scaled.jpg\",\"contentUrl\":\"https:\/\/cardemilgestioninmobiliaria.cl\/wp-content\/uploads\/2023\/10\/20210223_120053-scaled.jpg\",\"width\":2560,\"height\":1920},{\"@type\":\"BreadcrumbList\",\"@id\":\"https:\/\/cardemilgestioninmobiliaria.cl\/index.php\/product\/arriendo-depto-amoblado-2d-y-2b-gabriela-mistral\/#breadcrumb\",\"itemListElement\":[{\"@type\":\"ListItem\",\"position\":1,\"name\":\"Home\",\"item\":\"https:\/\/cardemilgestioninmobiliaria.cl\/\"},{\"@type\":\"ListItem\",\"position\":2,\"name\":\"Products\",\"item\":\"https:\/\/cardemilgestioninmobiliaria.cl\/index.php\/shop\/\"},{\"@type\":\"ListItem\",\"position\":3,\"name\":\"ARRIENDO DEPTO AMOBLADO, 2D Y 2B, GABRIELA MISTRAL\"}]},{\"@type\":\"WebSite\",\"@id\":\"https:\/\/cardemilgestioninmobiliaria.cl\/#website\",\"url\":\"https:\/\/cardemilgestioninmobiliaria.cl\/\",\"name\":\"Arriendo Departamentos | La Serena Coquimbo | Vi\u00f1a del Mar\",\"description\":\"\",\"publisher\":{\"@id\":\"https:\/\/cardemilgestioninmobiliaria.cl\/#organization\"},\"potentialAction\":[{\"@type\":\"SearchAction\",\"target\":{\"@type\":\"EntryPoint\",\"urlTemplate\":\"https:\/\/cardemilgestioninmobiliaria.cl\/?s={search_term_string}\"},\"query-input\":\"required name=search_term_string\"}],\"inLanguage\":\"en-US\"},{\"@type\":\"Organization\",\"@id\":\"https:\/\/cardemilgestioninmobiliaria.cl\/#organization\",\"name\":\"Arriendo Departamentos | La Serena Coquimbo | Vi\u00f1a del Mar\",\"url\":\"https:\/\/cardemilgestioninmobiliaria.cl\/\",\"logo\":{\"@type\":\"ImageObject\",\"inLanguage\":\"en-US\",\"@id\":\"https:\/\/cardemilgestioninmobiliaria.cl\/#\/schema\/logo\/image\/\",\"url\":\"https:\/\/cardemilgestioninmobiliaria.cl\/wp-content\/uploads\/2023\/10\/cropped-logo.png\",\"contentUrl\":\"https:\/\/cardemilgestioninmobiliaria.cl\/wp-content\/uploads\/2023\/10\/cropped-logo.png\",\"width\":312,\"height\":104,\"caption\":\"Arriendo Departamentos  | La Serena Coquimbo | Vi\u00f1a del Mar\"},\"image\":{\"@id\":\"https:\/\/cardemilgestioninmobiliaria.cl\/#\/schema\/logo\/image\/\"}}]}<\/script>\n<!-- \/ Yoast SEO plugin. -->","yoast_head_json":{"title":"ARRIENDO DEPARTAMENTO LA SERENA | IV REGION","description":"ARRIENDO DEPARTAMENTO LA SERENA | AMOBLADO A\u00d1O CORRIDO EN GABRIELA MISTRAL CON 4 ESQUINA CONDOMINIO ALTO DEL PARQUE. VALOR DE ARRIENDO","robots":{"index":"index","follow":"follow","max-snippet":"max-snippet:-1","max-image-preview":"max-image-preview:large","max-video-preview":"max-video-preview:-1"},"canonical":"https:\/\/cardemilgestioninmobiliaria.cl\/index.php\/product\/arriendo-depto-amoblado-2d-y-2b-gabriela-mistral\/","og_locale":"en_US","og_type":"article","og_title":"ARRIENDO DEPARTAMENTO LA SERENA | IV REGION","og_description":"ARRIENDO DEPARTAMENTO LA SERENA | AMOBLADO A\u00d1O CORRIDO EN GABRIELA MISTRAL CON 4 ESQUINA CONDOMINIO ALTO DEL PARQUE. VALOR DE ARRIENDO","og_url":"https:\/\/cardemilgestioninmobiliaria.cl\/index.php\/product\/arriendo-depto-amoblado-2d-y-2b-gabriela-mistral\/","og_site_name":"Arriendo Departamentos | La Serena Coquimbo | Vi\u00f1a del Mar","article_modified_time":"2024-11-18T04:57:03+00:00","og_image":[{"width":2560,"height":1920,"url":"https:\/\/cardemilgestioninmobiliaria.cl\/wp-content\/uploads\/2023\/10\/20210223_120053-scaled.jpg","type":"image\/jpeg"}],"twitter_card":"summary_large_image","twitter_misc":{"Est. reading time":"1 minute"},"schema":{"@context":"https:\/\/schema.org","@graph":[{"@type":"WebPage","@id":"https:\/\/cardemilgestioninmobiliaria.cl\/index.php\/product\/arriendo-depto-amoblado-2d-y-2b-gabriela-mistral\/","url":"https:\/\/cardemilgestioninmobiliaria.cl\/index.php\/product\/arriendo-depto-amoblado-2d-y-2b-gabriela-mistral\/","name":"ARRIENDO DEPARTAMENTO LA SERENA | IV REGION","isPartOf":{"@id":"https:\/\/cardemilgestioninmobiliaria.cl\/#website"},"primaryImageOfPage":{"@id":"https:\/\/cardemilgestioninmobiliaria.cl\/index.php\/product\/arriendo-depto-amoblado-2d-y-2b-gabriela-mistral\/#primaryimage"},"image":{"@id":"https:\/\/cardemilgestioninmobiliaria.cl\/index.php\/product\/arriendo-depto-amoblado-2d-y-2b-gabriela-mistral\/#primaryimage"},"thumbnailUrl":"https:\/\/cardemilgestioninmobiliaria.cl\/wp-content\/uploads\/2023\/10\/20210223_120053-scaled.jpg","datePublished":"2023-10-06T12:46:54+00:00","dateModified":"2024-11-18T04:57:03+00:00","description":"ARRIENDO DEPARTAMENTO LA SERENA | AMOBLADO A\u00d1O CORRIDO EN GABRIELA MISTRAL CON 4 ESQUINA CONDOMINIO ALTO DEL PARQUE. VALOR DE ARRIENDO","breadcrumb":{"@id":"https:\/\/cardemilgestioninmobiliaria.cl\/index.php\/product\/arriendo-depto-amoblado-2d-y-2b-gabriela-mistral\/#breadcrumb"},"inLanguage":"en-US","potentialAction":[{"@type":"ReadAction","target":["https:\/\/cardemilgestioninmobiliaria.cl\/index.php\/product\/arriendo-depto-amoblado-2d-y-2b-gabriela-mistral\/"]}]},{"@type":"ImageObject","inLanguage":"en-US","@id":"https:\/\/cardemilgestioninmobiliaria.cl\/index.php\/product\/arriendo-depto-amoblado-2d-y-2b-gabriela-mistral\/#primaryimage","url":"https:\/\/cardemilgestioninmobiliaria.cl\/wp-content\/uploads\/2023\/10\/20210223_120053-scaled.jpg","contentUrl":"https:\/\/cardemilgestioninmobiliaria.cl\/wp-content\/uploads\/2023\/10\/20210223_120053-scaled.jpg","width":2560,"height":1920},{"@type":"BreadcrumbList","@id":"https:\/\/cardemilgestioninmobiliaria.cl\/index.php\/product\/arriendo-depto-amoblado-2d-y-2b-gabriela-mistral\/#breadcrumb","itemListElement":[{"@type":"ListItem","position":1,"name":"Home","item":"https:\/\/cardemilgestioninmobiliaria.cl\/"},{"@type":"ListItem","position":2,"name":"Products","item":"https:\/\/cardemilgestioninmobiliaria.cl\/index.php\/shop\/"},{"@type":"ListItem","position":3,"name":"ARRIENDO DEPTO AMOBLADO, 2D Y 2B, GABRIELA MISTRAL"}]},{"@type":"WebSite","@id":"https:\/\/cardemilgestioninmobiliaria.cl\/#website","url":"https:\/\/cardemilgestioninmobiliaria.cl\/","name":"Arriendo Departamentos | La Serena Coquimbo | Vi\u00f1a del Mar","description":"","publisher":{"@id":"https:\/\/cardemilgestioninmobiliaria.cl\/#organization"},"potentialAction":[{"@type":"SearchAction","target":{"@type":"EntryPoint","urlTemplate":"https:\/\/cardemilgestioninmobiliaria.cl\/?s={search_term_string}"},"query-input":"required name=search_term_string"}],"inLanguage":"en-US"},{"@type":"Organization","@id":"https:\/\/cardemilgestioninmobiliaria.cl\/#organization","name":"Arriendo Departamentos | La Serena Coquimbo | Vi\u00f1a del Mar","url":"https:\/\/cardemilgestioninmobiliaria.cl\/","logo":{"@type":"ImageObject","inLanguage":"en-US","@id":"https:\/\/cardemilgestioninmobiliaria.cl\/#\/schema\/logo\/image\/","url":"https:\/\/cardemilgestioninmobiliaria.cl\/wp-content\/uploads\/2023\/10\/cropped-logo.png","contentUrl":"https:\/\/cardemilgestioninmobiliaria.cl\/wp-content\/uploads\/2023\/10\/cropped-logo.png","width":312,"height":104,"caption":"Arriendo Departamentos  | La Serena Coquimbo | Vi\u00f1a del Mar"},"image":{"@id":"https:\/\/cardemilgestioninmobiliaria.cl\/#\/schema\/logo\/image\/"}}]}},"_links":{"self":[{"href":"https:\/\/cardemilgestioninmobiliaria.cl\/index.php\/wp-json\/wp\/v2\/product\/39","targetHints":{"allow":["GET"]}}],"collection":[{"href":"https:\/\/cardemilgestioninmobiliaria.cl\/index.php\/wp-json\/wp\/v2\/product"}],"about":[{"href":"https:\/\/cardemilgestioninmobiliaria.cl\/index.php\/wp-json\/wp\/v2\/types\/product"}],"replies":[{"embeddable":true,"href":"https:\/\/cardemilgestioninmobiliaria.cl\/index.php\/wp-json\/wp\/v2\/comments?post=39"}],"wp:featuredmedia":[{"embeddable":true,"href":"https:\/\/cardemilgestioninmobiliaria.cl\/index.php\/wp-json\/wp\/v2\/media\/384"}],"wp:attachment":[{"href":"https:\/\/cardemilgestioninmobiliaria.cl\/index.php\/wp-json\/wp\/v2\/media?parent=39"}],"wp:term":[{"taxonomy":"product_cat","embeddable":true,"href":"https:\/\/cardemilgestioninmobiliaria.cl\/index.php\/wp-json\/wp\/v2\/product_cat?post=39"},{"taxonomy":"product_tag","embeddable":true,"href":"https:\/\/cardemilgestioninmobiliaria.cl\/index.php\/wp-json\/wp\/v2\/product_tag?post=39"}],"curies":[{"name":"wp","href":"https:\/\/api.w.org\/{rel}","templated":true}]}}