{"id":37,"date":"2023-10-06T12:46:53","date_gmt":"2023-10-06T12:46:53","guid":{"rendered":"https:\/\/cardemilgestioninmobiliaria.cl\/?post_type=product&#038;p=37"},"modified":"2024-11-18T05:41:15","modified_gmt":"2024-11-18T05:41:15","slug":"arriendo-diario-la-serena-cond-las-gredas-2d-y-2b-4-pers","status":"publish","type":"product","link":"https:\/\/cardemilgestioninmobiliaria.cl\/index.php\/product\/arriendo-diario-la-serena-cond-las-gredas-2d-y-2b-4-pers\/","title":{"rendered":"ARRIENDO DIARIO, COND LAS GREDAS, 2D Y 2B, 4 PERS"},"content":{"rendered":"<p><strong>Arriendo Arriendo diario La Serena de Departamento en Condominio Las Gredas &#8211; Av. del Mar:<\/strong><\/p>\n<p>, este encantador departamento se encuentra en el Condominio Las Gredas, ubicado en la Avenida del Mar 5000, en La Serena. La propiedad ofrece una experiencia \u00fanica, ya que est\u00e1 situada en primera l\u00ednea de playa, casi en frente del popular restaurante Tololo Beach.<\/p>\n<p><strong>Caracter\u00edsticas del Departamento:<\/strong><\/p>\n<p>El departamento cuenta con:<\/p>\n<ul>\n<li>Un Balc\u00f3n, ideal para disfrutar de las vistas y la brisa marina.<\/li>\n<li>2 Dormitorios, lo que proporciona espacio para tu comodidad y la de tus invitados.<\/li>\n<li>2 Ba\u00f1os, uno de ellos con ba\u00f1era.<\/li>\n<li>Una Cocina completamente equipada con microondas y heladera.<\/li>\n<li>Un Lavarropas en una loggia, lo que facilita tu rutina diaria.<\/li>\n<li>Una TV de pantalla plana con canales por cable para entretenimiento.<\/li>\n<li>Estacionamiento techado privado, que garantiza la seguridad de tu veh\u00edculo.<\/li>\n<li>Se incluyen s\u00e1banas y se ofrece WiFi ilimitado para tu comodidad.<\/li>\n<\/ul>\n<p><strong>Comodidades del Condominio:<\/strong><\/p>\n<p>El condominio cuenta con:<\/p>\n<ul>\n<li>Lindas \u00c1reas Verdes para relajarte y disfrutar al aire libre.<\/li>\n<li>Un Ascensor, que facilita el acceso a tu departamento.<\/li>\n<li>Un Quincho, ideal para asados y reuniones con amigos y familiares.<\/li>\n<\/ul>\n<p>Este departamento en arriendo diario La Serena es la elecci\u00f3n perfecta para quienes desean vivir cerca de la playa en un entorno c\u00f3modo y seguro. \u00a1No pierdas la oportunidad y cont\u00e1ctanos para obtener m\u00e1s informaci\u00f3n y programar una visita! Cont\u00e1ctate con nosotros via whatsapp o llamada telef\u00f3nica para poder brindarte mayor informacion de nuestro servicio y departamento para que tus vacaiones sean las mejores de tu vida.<\/p>\n","protected":false},"excerpt":{"rendered":"<p>El condominio LAS GREDAS se enecuentra en la av del mar 5000, la serena.<\/p>\n<p>El departamento posee un balc\u00f3n, 2 dormitorios y 2 ba\u00f1os. El alojamiento est\u00e1 situado en primera l\u00ednea de playa, se encuentra casi al frente del restaurant tololo beach.<\/p>\n<p>El departamento tiene 2 dormitorios, TV de pantalla plana con canales por cable, cocina equipada con microondas y heladera, lavarropas en loggia y ba\u00f1o con ba\u00f1era. El estacionamiento techado privado es gratuito.<\/p>\n<p>incluye sabanas y wifi ilimitado<\/p>\n<p>El condominio tiene lindas \u00e1reas verdes, ascensor, y quincho<\/p>\n","protected":false},"featured_media":372,"comment_status":"open","ping_status":"closed","template":"","meta":{"site-sidebar-layout":"default","site-content-layout":"","ast-site-content-layout":"default","site-content-style":"default","site-sidebar-style":"default","ast-global-header-display":"","ast-banner-title-visibility":"","ast-main-header-display":"","ast-hfb-above-header-display":"","ast-hfb-below-header-display":"","ast-hfb-mobile-header-display":"","site-post-title":"","ast-breadcrumbs-content":"","ast-featured-img":"","footer-sml-layout":"","theme-transparent-header-meta":"default","adv-header-id-meta":"","stick-header-meta":"","header-above-stick-meta":"","header-main-stick-meta":"","header-below-stick-meta":"","astra-migrate-meta-layouts":"set","_joinchat":[]},"product_cat":[19],"product_tag":[18],"class_list":{"0":"post-37","1":"product","2":"type-product","3":"status-publish","4":"has-post-thumbnail","6":"product_cat-arriendo-diario","7":"product_tag-departamentos","8":"desktop-align-left","9":"tablet-align-left","10":"mobile-align-left","12":"first","13":"outofstock","14":"sold-individually","15":"shipping-taxable","16":"purchasable","17":"product-type-simple"},"yoast_head":"<!-- This site is optimized with the Yoast SEO plugin v22.7 - https:\/\/yoast.com\/wordpress\/plugins\/seo\/ -->\n<title>ARRIENDO DIARIO LA SERENA, COND. LAS GREDAS<\/title>\n<meta name=\"description\" content=\"ARRIENDO DIARIO LA SERENA, CONDOMINIO LAS GREDAS, 2 DORMITORIOS , 2 BA\u00d1OS , AV. DEL MAR 5000. POSEE BALCOR. SITUADO EN PRIMERA LINEA DE PLAYA\" \/>\n<meta name=\"robots\" content=\"index, follow, max-snippet:-1, max-image-preview:large, max-video-preview:-1\" \/>\n<link rel=\"canonical\" href=\"https:\/\/cardemilgestioninmobiliaria.cl\/index.php\/product\/arriendo-diario-la-serena-cond-las-gredas-2d-y-2b-4-pers\/\" \/>\n<meta property=\"og:locale\" content=\"en_US\" \/>\n<meta property=\"og:type\" content=\"article\" \/>\n<meta property=\"og:title\" content=\"ARRIENDO DIARIO LA SERENA, COND. LAS GREDAS\" \/>\n<meta property=\"og:description\" content=\"ARRIENDO DIARIO LA SERENA, CONDOMINIO LAS GREDAS, 2 DORMITORIOS , 2 BA\u00d1OS , AV. DEL MAR 5000. POSEE BALCOR. SITUADO EN PRIMERA LINEA DE PLAYA\" \/>\n<meta property=\"og:url\" content=\"https:\/\/cardemilgestioninmobiliaria.cl\/index.php\/product\/arriendo-diario-la-serena-cond-las-gredas-2d-y-2b-4-pers\/\" \/>\n<meta property=\"og:site_name\" content=\"Arriendo Departamentos | La Serena Coquimbo | Vi\u00f1a del Mar\" \/>\n<meta property=\"article:modified_time\" content=\"2024-11-18T05:41:15+00:00\" \/>\n<meta property=\"og:image\" content=\"https:\/\/cardemilgestioninmobiliaria.cl\/wp-content\/uploads\/2023\/10\/IMG-20210113-WA0009.jpg\" \/>\n\t<meta property=\"og:image:width\" content=\"1280\" \/>\n\t<meta property=\"og:image:height\" content=\"960\" \/>\n\t<meta property=\"og:image:type\" content=\"image\/jpeg\" \/>\n<meta name=\"twitter:card\" content=\"summary_large_image\" \/>\n<meta name=\"twitter:label1\" content=\"Est. reading time\" \/>\n\t<meta name=\"twitter:data1\" content=\"2 minutes\" \/>\n<script type=\"application\/ld+json\" class=\"yoast-schema-graph\">{\"@context\":\"https:\/\/schema.org\",\"@graph\":[{\"@type\":\"WebPage\",\"@id\":\"https:\/\/cardemilgestioninmobiliaria.cl\/index.php\/product\/arriendo-diario-la-serena-cond-las-gredas-2d-y-2b-4-pers\/\",\"url\":\"https:\/\/cardemilgestioninmobiliaria.cl\/index.php\/product\/arriendo-diario-la-serena-cond-las-gredas-2d-y-2b-4-pers\/\",\"name\":\"ARRIENDO DIARIO LA SERENA, COND. LAS GREDAS\",\"isPartOf\":{\"@id\":\"https:\/\/cardemilgestioninmobiliaria.cl\/#website\"},\"primaryImageOfPage\":{\"@id\":\"https:\/\/cardemilgestioninmobiliaria.cl\/index.php\/product\/arriendo-diario-la-serena-cond-las-gredas-2d-y-2b-4-pers\/#primaryimage\"},\"image\":{\"@id\":\"https:\/\/cardemilgestioninmobiliaria.cl\/index.php\/product\/arriendo-diario-la-serena-cond-las-gredas-2d-y-2b-4-pers\/#primaryimage\"},\"thumbnailUrl\":\"https:\/\/cardemilgestioninmobiliaria.cl\/wp-content\/uploads\/2023\/10\/IMG-20210113-WA0009.jpg\",\"datePublished\":\"2023-10-06T12:46:53+00:00\",\"dateModified\":\"2024-11-18T05:41:15+00:00\",\"description\":\"ARRIENDO DIARIO LA SERENA, CONDOMINIO LAS GREDAS, 2 DORMITORIOS , 2 BA\u00d1OS , AV. DEL MAR 5000. POSEE BALCOR. SITUADO EN PRIMERA LINEA DE PLAYA\",\"breadcrumb\":{\"@id\":\"https:\/\/cardemilgestioninmobiliaria.cl\/index.php\/product\/arriendo-diario-la-serena-cond-las-gredas-2d-y-2b-4-pers\/#breadcrumb\"},\"inLanguage\":\"en-US\",\"potentialAction\":[{\"@type\":\"ReadAction\",\"target\":[\"https:\/\/cardemilgestioninmobiliaria.cl\/index.php\/product\/arriendo-diario-la-serena-cond-las-gredas-2d-y-2b-4-pers\/\"]}]},{\"@type\":\"ImageObject\",\"inLanguage\":\"en-US\",\"@id\":\"https:\/\/cardemilgestioninmobiliaria.cl\/index.php\/product\/arriendo-diario-la-serena-cond-las-gredas-2d-y-2b-4-pers\/#primaryimage\",\"url\":\"https:\/\/cardemilgestioninmobiliaria.cl\/wp-content\/uploads\/2023\/10\/IMG-20210113-WA0009.jpg\",\"contentUrl\":\"https:\/\/cardemilgestioninmobiliaria.cl\/wp-content\/uploads\/2023\/10\/IMG-20210113-WA0009.jpg\",\"width\":1280,\"height\":960},{\"@type\":\"BreadcrumbList\",\"@id\":\"https:\/\/cardemilgestioninmobiliaria.cl\/index.php\/product\/arriendo-diario-la-serena-cond-las-gredas-2d-y-2b-4-pers\/#breadcrumb\",\"itemListElement\":[{\"@type\":\"ListItem\",\"position\":1,\"name\":\"Home\",\"item\":\"https:\/\/cardemilgestioninmobiliaria.cl\/\"},{\"@type\":\"ListItem\",\"position\":2,\"name\":\"Products\",\"item\":\"https:\/\/cardemilgestioninmobiliaria.cl\/index.php\/shop\/\"},{\"@type\":\"ListItem\",\"position\":3,\"name\":\"ARRIENDO DIARIO, COND LAS GREDAS, 2D Y 2B, 4 PERS\"}]},{\"@type\":\"WebSite\",\"@id\":\"https:\/\/cardemilgestioninmobiliaria.cl\/#website\",\"url\":\"https:\/\/cardemilgestioninmobiliaria.cl\/\",\"name\":\"Arriendo Departamentos | La Serena Coquimbo | Vi\u00f1a del Mar\",\"description\":\"\",\"publisher\":{\"@id\":\"https:\/\/cardemilgestioninmobiliaria.cl\/#organization\"},\"potentialAction\":[{\"@type\":\"SearchAction\",\"target\":{\"@type\":\"EntryPoint\",\"urlTemplate\":\"https:\/\/cardemilgestioninmobiliaria.cl\/?s={search_term_string}\"},\"query-input\":\"required name=search_term_string\"}],\"inLanguage\":\"en-US\"},{\"@type\":\"Organization\",\"@id\":\"https:\/\/cardemilgestioninmobiliaria.cl\/#organization\",\"name\":\"Arriendo Departamentos | La Serena Coquimbo | Vi\u00f1a del Mar\",\"url\":\"https:\/\/cardemilgestioninmobiliaria.cl\/\",\"logo\":{\"@type\":\"ImageObject\",\"inLanguage\":\"en-US\",\"@id\":\"https:\/\/cardemilgestioninmobiliaria.cl\/#\/schema\/logo\/image\/\",\"url\":\"https:\/\/cardemilgestioninmobiliaria.cl\/wp-content\/uploads\/2023\/10\/cropped-logo.png\",\"contentUrl\":\"https:\/\/cardemilgestioninmobiliaria.cl\/wp-content\/uploads\/2023\/10\/cropped-logo.png\",\"width\":312,\"height\":104,\"caption\":\"Arriendo Departamentos  | La Serena Coquimbo | Vi\u00f1a del Mar\"},\"image\":{\"@id\":\"https:\/\/cardemilgestioninmobiliaria.cl\/#\/schema\/logo\/image\/\"}}]}<\/script>\n<!-- \/ Yoast SEO plugin. -->","yoast_head_json":{"title":"ARRIENDO DIARIO LA SERENA, COND. LAS GREDAS","description":"ARRIENDO DIARIO LA SERENA, CONDOMINIO LAS GREDAS, 2 DORMITORIOS , 2 BA\u00d1OS , AV. DEL MAR 5000. POSEE BALCOR. SITUADO EN PRIMERA LINEA DE PLAYA","robots":{"index":"index","follow":"follow","max-snippet":"max-snippet:-1","max-image-preview":"max-image-preview:large","max-video-preview":"max-video-preview:-1"},"canonical":"https:\/\/cardemilgestioninmobiliaria.cl\/index.php\/product\/arriendo-diario-la-serena-cond-las-gredas-2d-y-2b-4-pers\/","og_locale":"en_US","og_type":"article","og_title":"ARRIENDO DIARIO LA SERENA, COND. LAS GREDAS","og_description":"ARRIENDO DIARIO LA SERENA, CONDOMINIO LAS GREDAS, 2 DORMITORIOS , 2 BA\u00d1OS , AV. DEL MAR 5000. POSEE BALCOR. SITUADO EN PRIMERA LINEA DE PLAYA","og_url":"https:\/\/cardemilgestioninmobiliaria.cl\/index.php\/product\/arriendo-diario-la-serena-cond-las-gredas-2d-y-2b-4-pers\/","og_site_name":"Arriendo Departamentos | La Serena Coquimbo | Vi\u00f1a del Mar","article_modified_time":"2024-11-18T05:41:15+00:00","og_image":[{"width":1280,"height":960,"url":"https:\/\/cardemilgestioninmobiliaria.cl\/wp-content\/uploads\/2023\/10\/IMG-20210113-WA0009.jpg","type":"image\/jpeg"}],"twitter_card":"summary_large_image","twitter_misc":{"Est. reading time":"2 minutes"},"schema":{"@context":"https:\/\/schema.org","@graph":[{"@type":"WebPage","@id":"https:\/\/cardemilgestioninmobiliaria.cl\/index.php\/product\/arriendo-diario-la-serena-cond-las-gredas-2d-y-2b-4-pers\/","url":"https:\/\/cardemilgestioninmobiliaria.cl\/index.php\/product\/arriendo-diario-la-serena-cond-las-gredas-2d-y-2b-4-pers\/","name":"ARRIENDO DIARIO LA SERENA, COND. LAS GREDAS","isPartOf":{"@id":"https:\/\/cardemilgestioninmobiliaria.cl\/#website"},"primaryImageOfPage":{"@id":"https:\/\/cardemilgestioninmobiliaria.cl\/index.php\/product\/arriendo-diario-la-serena-cond-las-gredas-2d-y-2b-4-pers\/#primaryimage"},"image":{"@id":"https:\/\/cardemilgestioninmobiliaria.cl\/index.php\/product\/arriendo-diario-la-serena-cond-las-gredas-2d-y-2b-4-pers\/#primaryimage"},"thumbnailUrl":"https:\/\/cardemilgestioninmobiliaria.cl\/wp-content\/uploads\/2023\/10\/IMG-20210113-WA0009.jpg","datePublished":"2023-10-06T12:46:53+00:00","dateModified":"2024-11-18T05:41:15+00:00","description":"ARRIENDO DIARIO LA SERENA, CONDOMINIO LAS GREDAS, 2 DORMITORIOS , 2 BA\u00d1OS , AV. DEL MAR 5000. POSEE BALCOR. SITUADO EN PRIMERA LINEA DE PLAYA","breadcrumb":{"@id":"https:\/\/cardemilgestioninmobiliaria.cl\/index.php\/product\/arriendo-diario-la-serena-cond-las-gredas-2d-y-2b-4-pers\/#breadcrumb"},"inLanguage":"en-US","potentialAction":[{"@type":"ReadAction","target":["https:\/\/cardemilgestioninmobiliaria.cl\/index.php\/product\/arriendo-diario-la-serena-cond-las-gredas-2d-y-2b-4-pers\/"]}]},{"@type":"ImageObject","inLanguage":"en-US","@id":"https:\/\/cardemilgestioninmobiliaria.cl\/index.php\/product\/arriendo-diario-la-serena-cond-las-gredas-2d-y-2b-4-pers\/#primaryimage","url":"https:\/\/cardemilgestioninmobiliaria.cl\/wp-content\/uploads\/2023\/10\/IMG-20210113-WA0009.jpg","contentUrl":"https:\/\/cardemilgestioninmobiliaria.cl\/wp-content\/uploads\/2023\/10\/IMG-20210113-WA0009.jpg","width":1280,"height":960},{"@type":"BreadcrumbList","@id":"https:\/\/cardemilgestioninmobiliaria.cl\/index.php\/product\/arriendo-diario-la-serena-cond-las-gredas-2d-y-2b-4-pers\/#breadcrumb","itemListElement":[{"@type":"ListItem","position":1,"name":"Home","item":"https:\/\/cardemilgestioninmobiliaria.cl\/"},{"@type":"ListItem","position":2,"name":"Products","item":"https:\/\/cardemilgestioninmobiliaria.cl\/index.php\/shop\/"},{"@type":"ListItem","position":3,"name":"ARRIENDO DIARIO, COND LAS GREDAS, 2D Y 2B, 4 PERS"}]},{"@type":"WebSite","@id":"https:\/\/cardemilgestioninmobiliaria.cl\/#website","url":"https:\/\/cardemilgestioninmobiliaria.cl\/","name":"Arriendo Departamentos | La Serena Coquimbo | Vi\u00f1a del Mar","description":"","publisher":{"@id":"https:\/\/cardemilgestioninmobiliaria.cl\/#organization"},"potentialAction":[{"@type":"SearchAction","target":{"@type":"EntryPoint","urlTemplate":"https:\/\/cardemilgestioninmobiliaria.cl\/?s={search_term_string}"},"query-input":"required name=search_term_string"}],"inLanguage":"en-US"},{"@type":"Organization","@id":"https:\/\/cardemilgestioninmobiliaria.cl\/#organization","name":"Arriendo Departamentos | La Serena Coquimbo | Vi\u00f1a del Mar","url":"https:\/\/cardemilgestioninmobiliaria.cl\/","logo":{"@type":"ImageObject","inLanguage":"en-US","@id":"https:\/\/cardemilgestioninmobiliaria.cl\/#\/schema\/logo\/image\/","url":"https:\/\/cardemilgestioninmobiliaria.cl\/wp-content\/uploads\/2023\/10\/cropped-logo.png","contentUrl":"https:\/\/cardemilgestioninmobiliaria.cl\/wp-content\/uploads\/2023\/10\/cropped-logo.png","width":312,"height":104,"caption":"Arriendo Departamentos  | La Serena Coquimbo | Vi\u00f1a del Mar"},"image":{"@id":"https:\/\/cardemilgestioninmobiliaria.cl\/#\/schema\/logo\/image\/"}}]}},"_links":{"self":[{"href":"https:\/\/cardemilgestioninmobiliaria.cl\/index.php\/wp-json\/wp\/v2\/product\/37","targetHints":{"allow":["GET"]}}],"collection":[{"href":"https:\/\/cardemilgestioninmobiliaria.cl\/index.php\/wp-json\/wp\/v2\/product"}],"about":[{"href":"https:\/\/cardemilgestioninmobiliaria.cl\/index.php\/wp-json\/wp\/v2\/types\/product"}],"replies":[{"embeddable":true,"href":"https:\/\/cardemilgestioninmobiliaria.cl\/index.php\/wp-json\/wp\/v2\/comments?post=37"}],"wp:featuredmedia":[{"embeddable":true,"href":"https:\/\/cardemilgestioninmobiliaria.cl\/index.php\/wp-json\/wp\/v2\/media\/372"}],"wp:attachment":[{"href":"https:\/\/cardemilgestioninmobiliaria.cl\/index.php\/wp-json\/wp\/v2\/media?parent=37"}],"wp:term":[{"taxonomy":"product_cat","embeddable":true,"href":"https:\/\/cardemilgestioninmobiliaria.cl\/index.php\/wp-json\/wp\/v2\/product_cat?post=37"},{"taxonomy":"product_tag","embeddable":true,"href":"https:\/\/cardemilgestioninmobiliaria.cl\/index.php\/wp-json\/wp\/v2\/product_tag?post=37"}],"curies":[{"name":"wp","href":"https:\/\/api.w.org\/{rel}","templated":true}]}}