{"id":24,"date":"2023-10-06T12:46:50","date_gmt":"2023-10-06T12:46:50","guid":{"rendered":"https:\/\/cardemilgestioninmobiliaria.cl\/?post_type=product&#038;p=24"},"modified":"2025-06-02T03:10:04","modified_gmt":"2025-06-02T03:10:04","slug":"arriendo-departamento-amoblado2d-2b-la-herradura","status":"publish","type":"product","link":"https:\/\/cardemilgestioninmobiliaria.cl\/index.php\/product\/arriendo-departamento-amoblado2d-2b-la-herradura\/","title":{"rendered":"ARRIENDO  DEPARTAMENTO AMOBLADO,2D-2B, LA HERRADURA"},"content":{"rendered":"<div class=\"flex flex-grow flex-col gap-3 max-w-full\">\n<div class=\"min-h-[20px] flex flex-col items-start gap-3 whitespace-pre-wrap break-words overflow-x-auto\">\n<div class=\"markdown prose w-full break-words dark:prose-invert light\">\n<p><strong>Arriendo de Departamento en Condominio Horizonte &#8211; La Herradura, La Serena<\/strong><\/p>\n<p>Arriendo departamento amoblado, este departamento amoblado en arriendo se encuentra en el Condominio Horizonte, ubicado en 1\u00b0 l\u00ednea de La Herradura, con acceso directo a la playa y una ubicaci\u00f3n privilegiada frente a la Ruta 5, lo que facilita la movilidad y acceso a un supermercado cercano.<\/p>\n<p>El condominio ofrece comodidades como una piscina, quincho con vista a la playa, juegos infantiles, lavander\u00eda, estacionamiento y ascensores, lo que agrega valor a tu estad\u00eda.<\/p>\n<p>El departamento cuenta con 2 dormitorios y 2 ba\u00f1os, lo que lo hace ideal para una familia o grupos m\u00e1s peque\u00f1os. La comodidad y la funcionalidad son caracter\u00edsticas clave de este alojamiento.<\/p>\n<p>El costo de arriendo es de $350,000 m\u00e1s los gastos comunes. Este departamento es una excelente opci\u00f3n si est\u00e1s buscando un lugar para hospedarte en La Herradura y disfrutar de todo lo que la zona tiene para ofrecer.<\/p>\n<p>No dejes pasar la oportunidad de vivir una experiencia inolvidable en La Serena. Cont\u00e1ctanos para obtener m\u00e1s informaci\u00f3n y realizar tu reserva en este acogedor departamento en el Condominio Horizonte.<\/p>\n<\/div>\n<\/div>\n<\/div>\n","protected":false},"excerpt":{"rendered":"<div>ARRIENDO DEPARTAMENTO AMOBLADO EN EL CONDOMINIO HORIZONTE UBICADO EN 1\u00b0 LINEA DE LA HERRADURA, QUEDA AL FRENTE DE LA RUTA 5, SALIDA DIRECTA A LA PLAYA, LOCOMOCI\u00d3N Y SUPERMERCADO AL FRENTE,<\/div>\n<div>\n<div><\/div>\n<div>EL CONDOMINIO INCLUYE:<\/div>\n<div>\n<ol>\n<li>PISCINA<\/li>\n<li>QUINCHO CON VISTA A LA PLAYA<\/li>\n<li>JUEGOS INFANTILES<\/li>\n<li>LAVANDER\u00cdA<\/li>\n<li>ESTACIONAMIENTO<\/li>\n<li>ASCENSORES<\/li>\n<\/ol>\n<div>$350.000 M\u00c1S GASTOS COMUNES<\/div>\n<div>EL DEPARTAMENTO INCLUYE:<\/div>\n<div>\n<p>2 DORMITORIOS<\/p>\n<p>2 BA\u00d1OS<\/p>\n<p>&nbsp;<\/p>\n<\/div>\n<\/div>\n<\/div>\n","protected":false},"featured_media":141,"comment_status":"open","ping_status":"closed","template":"","meta":{"site-sidebar-layout":"default","site-content-layout":"","ast-site-content-layout":"default","site-content-style":"default","site-sidebar-style":"default","ast-global-header-display":"","ast-banner-title-visibility":"","ast-main-header-display":"","ast-hfb-above-header-display":"","ast-hfb-below-header-display":"","ast-hfb-mobile-header-display":"","site-post-title":"","ast-breadcrumbs-content":"","ast-featured-img":"","footer-sml-layout":"","theme-transparent-header-meta":"default","adv-header-id-meta":"","stick-header-meta":"","header-above-stick-meta":"","header-main-stick-meta":"","header-below-stick-meta":"","astra-migrate-meta-layouts":"set","_joinchat":[]},"product_cat":[17],"product_tag":[18],"class_list":{"0":"post-24","1":"product","2":"type-product","3":"status-publish","4":"has-post-thumbnail","6":"product_cat-arriendo-anual","7":"product_tag-departamentos","8":"desktop-align-left","9":"tablet-align-left","10":"mobile-align-left","12":"first","13":"outofstock","14":"sold-individually","15":"shipping-taxable","16":"purchasable","17":"product-type-simple"},"yoast_head":"<!-- This site is optimized with the Yoast SEO plugin v22.7 - https:\/\/yoast.com\/wordpress\/plugins\/seo\/ -->\n<title>ARRIENDO DEPARTAMENTO AMOBLADO, LA SERENA<\/title>\n<meta name=\"description\" content=\"ARRIENDO DEPARTAMENTO AMOBLADO,2D-2B, LA HERRADURA - Cardemil Gesti\u00f3n Inmobiliaria - Arriendo Departamentos | La Serena Coquimbo | Vi\u00f1a del Mar\" \/>\n<meta name=\"robots\" content=\"index, follow, max-snippet:-1, max-image-preview:large, max-video-preview:-1\" \/>\n<link rel=\"canonical\" href=\"https:\/\/cardemilgestioninmobiliaria.cl\/index.php\/product\/arriendo-departamento-amoblado2d-2b-la-herradura\/\" \/>\n<meta property=\"og:locale\" content=\"en_US\" \/>\n<meta property=\"og:type\" content=\"article\" \/>\n<meta property=\"og:title\" content=\"ARRIENDO DEPARTAMENTO AMOBLADO, LA SERENA\" \/>\n<meta property=\"og:description\" content=\"ARRIENDO DEPARTAMENTO AMOBLADO,2D-2B, LA HERRADURA - Cardemil Gesti\u00f3n Inmobiliaria - Arriendo Departamentos | La Serena Coquimbo | Vi\u00f1a del Mar\" \/>\n<meta property=\"og:url\" content=\"https:\/\/cardemilgestioninmobiliaria.cl\/index.php\/product\/arriendo-departamento-amoblado2d-2b-la-herradura\/\" \/>\n<meta property=\"og:site_name\" content=\"Arriendo Departamentos | La Serena Coquimbo | Vi\u00f1a del Mar\" \/>\n<meta property=\"article:modified_time\" content=\"2025-06-02T03:10:04+00:00\" \/>\n<meta property=\"og:image\" content=\"https:\/\/cardemilgestioninmobiliaria.cl\/wp-content\/uploads\/2023\/10\/20190710_123206-scaled.jpg\" \/>\n\t<meta property=\"og:image:width\" content=\"2560\" \/>\n\t<meta property=\"og:image:height\" content=\"2560\" \/>\n\t<meta property=\"og:image:type\" content=\"image\/jpeg\" \/>\n<meta name=\"twitter:card\" content=\"summary_large_image\" \/>\n<meta name=\"twitter:label1\" content=\"Est. reading time\" \/>\n\t<meta name=\"twitter:data1\" content=\"1 minute\" \/>\n<script type=\"application\/ld+json\" class=\"yoast-schema-graph\">{\"@context\":\"https:\/\/schema.org\",\"@graph\":[{\"@type\":\"WebPage\",\"@id\":\"https:\/\/cardemilgestioninmobiliaria.cl\/index.php\/product\/arriendo-departamento-amoblado2d-2b-la-herradura\/\",\"url\":\"https:\/\/cardemilgestioninmobiliaria.cl\/index.php\/product\/arriendo-departamento-amoblado2d-2b-la-herradura\/\",\"name\":\"ARRIENDO DEPARTAMENTO AMOBLADO, LA SERENA\",\"isPartOf\":{\"@id\":\"https:\/\/cardemilgestioninmobiliaria.cl\/#website\"},\"primaryImageOfPage\":{\"@id\":\"https:\/\/cardemilgestioninmobiliaria.cl\/index.php\/product\/arriendo-departamento-amoblado2d-2b-la-herradura\/#primaryimage\"},\"image\":{\"@id\":\"https:\/\/cardemilgestioninmobiliaria.cl\/index.php\/product\/arriendo-departamento-amoblado2d-2b-la-herradura\/#primaryimage\"},\"thumbnailUrl\":\"https:\/\/cardemilgestioninmobiliaria.cl\/wp-content\/uploads\/2023\/10\/20190710_123206-scaled.jpg\",\"datePublished\":\"2023-10-06T12:46:50+00:00\",\"dateModified\":\"2025-06-02T03:10:04+00:00\",\"description\":\"ARRIENDO DEPARTAMENTO AMOBLADO,2D-2B, LA HERRADURA - Cardemil Gesti\u00f3n Inmobiliaria - Arriendo Departamentos | La Serena Coquimbo | Vi\u00f1a del Mar\",\"breadcrumb\":{\"@id\":\"https:\/\/cardemilgestioninmobiliaria.cl\/index.php\/product\/arriendo-departamento-amoblado2d-2b-la-herradura\/#breadcrumb\"},\"inLanguage\":\"en-US\",\"potentialAction\":[{\"@type\":\"ReadAction\",\"target\":[\"https:\/\/cardemilgestioninmobiliaria.cl\/index.php\/product\/arriendo-departamento-amoblado2d-2b-la-herradura\/\"]}]},{\"@type\":\"ImageObject\",\"inLanguage\":\"en-US\",\"@id\":\"https:\/\/cardemilgestioninmobiliaria.cl\/index.php\/product\/arriendo-departamento-amoblado2d-2b-la-herradura\/#primaryimage\",\"url\":\"https:\/\/cardemilgestioninmobiliaria.cl\/wp-content\/uploads\/2023\/10\/20190710_123206-scaled.jpg\",\"contentUrl\":\"https:\/\/cardemilgestioninmobiliaria.cl\/wp-content\/uploads\/2023\/10\/20190710_123206-scaled.jpg\",\"width\":2560,\"height\":2560},{\"@type\":\"BreadcrumbList\",\"@id\":\"https:\/\/cardemilgestioninmobiliaria.cl\/index.php\/product\/arriendo-departamento-amoblado2d-2b-la-herradura\/#breadcrumb\",\"itemListElement\":[{\"@type\":\"ListItem\",\"position\":1,\"name\":\"Home\",\"item\":\"https:\/\/cardemilgestioninmobiliaria.cl\/\"},{\"@type\":\"ListItem\",\"position\":2,\"name\":\"Products\",\"item\":\"https:\/\/cardemilgestioninmobiliaria.cl\/index.php\/shop\/\"},{\"@type\":\"ListItem\",\"position\":3,\"name\":\"ARRIENDO DEPARTAMENTO AMOBLADO,2D-2B, LA HERRADURA\"}]},{\"@type\":\"WebSite\",\"@id\":\"https:\/\/cardemilgestioninmobiliaria.cl\/#website\",\"url\":\"https:\/\/cardemilgestioninmobiliaria.cl\/\",\"name\":\"Arriendo Departamentos | La Serena Coquimbo | Vi\u00f1a del Mar\",\"description\":\"\",\"publisher\":{\"@id\":\"https:\/\/cardemilgestioninmobiliaria.cl\/#organization\"},\"potentialAction\":[{\"@type\":\"SearchAction\",\"target\":{\"@type\":\"EntryPoint\",\"urlTemplate\":\"https:\/\/cardemilgestioninmobiliaria.cl\/?s={search_term_string}\"},\"query-input\":\"required name=search_term_string\"}],\"inLanguage\":\"en-US\"},{\"@type\":\"Organization\",\"@id\":\"https:\/\/cardemilgestioninmobiliaria.cl\/#organization\",\"name\":\"Arriendo Departamentos | La Serena Coquimbo | Vi\u00f1a del Mar\",\"url\":\"https:\/\/cardemilgestioninmobiliaria.cl\/\",\"logo\":{\"@type\":\"ImageObject\",\"inLanguage\":\"en-US\",\"@id\":\"https:\/\/cardemilgestioninmobiliaria.cl\/#\/schema\/logo\/image\/\",\"url\":\"https:\/\/cardemilgestioninmobiliaria.cl\/wp-content\/uploads\/2023\/10\/cropped-logo.png\",\"contentUrl\":\"https:\/\/cardemilgestioninmobiliaria.cl\/wp-content\/uploads\/2023\/10\/cropped-logo.png\",\"width\":312,\"height\":104,\"caption\":\"Arriendo Departamentos  | La Serena Coquimbo | Vi\u00f1a del Mar\"},\"image\":{\"@id\":\"https:\/\/cardemilgestioninmobiliaria.cl\/#\/schema\/logo\/image\/\"}}]}<\/script>\n<!-- \/ Yoast SEO plugin. -->","yoast_head_json":{"title":"ARRIENDO DEPARTAMENTO AMOBLADO, LA SERENA","description":"ARRIENDO DEPARTAMENTO AMOBLADO,2D-2B, LA HERRADURA - Cardemil Gesti\u00f3n Inmobiliaria - Arriendo Departamentos | La Serena Coquimbo | Vi\u00f1a del Mar","robots":{"index":"index","follow":"follow","max-snippet":"max-snippet:-1","max-image-preview":"max-image-preview:large","max-video-preview":"max-video-preview:-1"},"canonical":"https:\/\/cardemilgestioninmobiliaria.cl\/index.php\/product\/arriendo-departamento-amoblado2d-2b-la-herradura\/","og_locale":"en_US","og_type":"article","og_title":"ARRIENDO DEPARTAMENTO AMOBLADO, LA SERENA","og_description":"ARRIENDO DEPARTAMENTO AMOBLADO,2D-2B, LA HERRADURA - Cardemil Gesti\u00f3n Inmobiliaria - Arriendo Departamentos | La Serena Coquimbo | Vi\u00f1a del Mar","og_url":"https:\/\/cardemilgestioninmobiliaria.cl\/index.php\/product\/arriendo-departamento-amoblado2d-2b-la-herradura\/","og_site_name":"Arriendo Departamentos | La Serena Coquimbo | Vi\u00f1a del Mar","article_modified_time":"2025-06-02T03:10:04+00:00","og_image":[{"width":2560,"height":2560,"url":"https:\/\/cardemilgestioninmobiliaria.cl\/wp-content\/uploads\/2023\/10\/20190710_123206-scaled.jpg","type":"image\/jpeg"}],"twitter_card":"summary_large_image","twitter_misc":{"Est. reading time":"1 minute"},"schema":{"@context":"https:\/\/schema.org","@graph":[{"@type":"WebPage","@id":"https:\/\/cardemilgestioninmobiliaria.cl\/index.php\/product\/arriendo-departamento-amoblado2d-2b-la-herradura\/","url":"https:\/\/cardemilgestioninmobiliaria.cl\/index.php\/product\/arriendo-departamento-amoblado2d-2b-la-herradura\/","name":"ARRIENDO DEPARTAMENTO AMOBLADO, LA SERENA","isPartOf":{"@id":"https:\/\/cardemilgestioninmobiliaria.cl\/#website"},"primaryImageOfPage":{"@id":"https:\/\/cardemilgestioninmobiliaria.cl\/index.php\/product\/arriendo-departamento-amoblado2d-2b-la-herradura\/#primaryimage"},"image":{"@id":"https:\/\/cardemilgestioninmobiliaria.cl\/index.php\/product\/arriendo-departamento-amoblado2d-2b-la-herradura\/#primaryimage"},"thumbnailUrl":"https:\/\/cardemilgestioninmobiliaria.cl\/wp-content\/uploads\/2023\/10\/20190710_123206-scaled.jpg","datePublished":"2023-10-06T12:46:50+00:00","dateModified":"2025-06-02T03:10:04+00:00","description":"ARRIENDO DEPARTAMENTO AMOBLADO,2D-2B, LA HERRADURA - Cardemil Gesti\u00f3n Inmobiliaria - Arriendo Departamentos | La Serena Coquimbo | Vi\u00f1a del Mar","breadcrumb":{"@id":"https:\/\/cardemilgestioninmobiliaria.cl\/index.php\/product\/arriendo-departamento-amoblado2d-2b-la-herradura\/#breadcrumb"},"inLanguage":"en-US","potentialAction":[{"@type":"ReadAction","target":["https:\/\/cardemilgestioninmobiliaria.cl\/index.php\/product\/arriendo-departamento-amoblado2d-2b-la-herradura\/"]}]},{"@type":"ImageObject","inLanguage":"en-US","@id":"https:\/\/cardemilgestioninmobiliaria.cl\/index.php\/product\/arriendo-departamento-amoblado2d-2b-la-herradura\/#primaryimage","url":"https:\/\/cardemilgestioninmobiliaria.cl\/wp-content\/uploads\/2023\/10\/20190710_123206-scaled.jpg","contentUrl":"https:\/\/cardemilgestioninmobiliaria.cl\/wp-content\/uploads\/2023\/10\/20190710_123206-scaled.jpg","width":2560,"height":2560},{"@type":"BreadcrumbList","@id":"https:\/\/cardemilgestioninmobiliaria.cl\/index.php\/product\/arriendo-departamento-amoblado2d-2b-la-herradura\/#breadcrumb","itemListElement":[{"@type":"ListItem","position":1,"name":"Home","item":"https:\/\/cardemilgestioninmobiliaria.cl\/"},{"@type":"ListItem","position":2,"name":"Products","item":"https:\/\/cardemilgestioninmobiliaria.cl\/index.php\/shop\/"},{"@type":"ListItem","position":3,"name":"ARRIENDO DEPARTAMENTO AMOBLADO,2D-2B, LA HERRADURA"}]},{"@type":"WebSite","@id":"https:\/\/cardemilgestioninmobiliaria.cl\/#website","url":"https:\/\/cardemilgestioninmobiliaria.cl\/","name":"Arriendo Departamentos | La Serena Coquimbo | Vi\u00f1a del Mar","description":"","publisher":{"@id":"https:\/\/cardemilgestioninmobiliaria.cl\/#organization"},"potentialAction":[{"@type":"SearchAction","target":{"@type":"EntryPoint","urlTemplate":"https:\/\/cardemilgestioninmobiliaria.cl\/?s={search_term_string}"},"query-input":"required name=search_term_string"}],"inLanguage":"en-US"},{"@type":"Organization","@id":"https:\/\/cardemilgestioninmobiliaria.cl\/#organization","name":"Arriendo Departamentos | La Serena Coquimbo | Vi\u00f1a del Mar","url":"https:\/\/cardemilgestioninmobiliaria.cl\/","logo":{"@type":"ImageObject","inLanguage":"en-US","@id":"https:\/\/cardemilgestioninmobiliaria.cl\/#\/schema\/logo\/image\/","url":"https:\/\/cardemilgestioninmobiliaria.cl\/wp-content\/uploads\/2023\/10\/cropped-logo.png","contentUrl":"https:\/\/cardemilgestioninmobiliaria.cl\/wp-content\/uploads\/2023\/10\/cropped-logo.png","width":312,"height":104,"caption":"Arriendo Departamentos  | La Serena Coquimbo | Vi\u00f1a del Mar"},"image":{"@id":"https:\/\/cardemilgestioninmobiliaria.cl\/#\/schema\/logo\/image\/"}}]}},"_links":{"self":[{"href":"https:\/\/cardemilgestioninmobiliaria.cl\/index.php\/wp-json\/wp\/v2\/product\/24","targetHints":{"allow":["GET"]}}],"collection":[{"href":"https:\/\/cardemilgestioninmobiliaria.cl\/index.php\/wp-json\/wp\/v2\/product"}],"about":[{"href":"https:\/\/cardemilgestioninmobiliaria.cl\/index.php\/wp-json\/wp\/v2\/types\/product"}],"replies":[{"embeddable":true,"href":"https:\/\/cardemilgestioninmobiliaria.cl\/index.php\/wp-json\/wp\/v2\/comments?post=24"}],"wp:featuredmedia":[{"embeddable":true,"href":"https:\/\/cardemilgestioninmobiliaria.cl\/index.php\/wp-json\/wp\/v2\/media\/141"}],"wp:attachment":[{"href":"https:\/\/cardemilgestioninmobiliaria.cl\/index.php\/wp-json\/wp\/v2\/media?parent=24"}],"wp:term":[{"taxonomy":"product_cat","embeddable":true,"href":"https:\/\/cardemilgestioninmobiliaria.cl\/index.php\/wp-json\/wp\/v2\/product_cat?post=24"},{"taxonomy":"product_tag","embeddable":true,"href":"https:\/\/cardemilgestioninmobiliaria.cl\/index.php\/wp-json\/wp\/v2\/product_tag?post=24"}],"curies":[{"name":"wp","href":"https:\/\/api.w.org\/{rel}","templated":true}]}}