{"id":22,"date":"2023-10-06T12:46:49","date_gmt":"2023-10-06T12:46:49","guid":{"rendered":"https:\/\/cardemilgestioninmobiliaria.cl\/?post_type=product&#038;p=22"},"modified":"2025-05-29T13:42:41","modified_gmt":"2025-05-29T13:42:41","slug":"arriendo-departamento-amoblado-pacifico-2d-2b-4-pers-la-serena","status":"publish","type":"product","link":"https:\/\/cardemilgestioninmobiliaria.cl\/index.php\/product\/arriendo-departamento-amoblado-pacifico-2d-2b-4-pers-la-serena\/","title":{"rendered":"ARRIENDO DEPARTAMENTO AMOBLADO, PACIFICO 1,2D-2B, 4 PERS, LA SERENA"},"content":{"rendered":"<div class=\"flex-col gap-1 md:gap-3\">\n<div class=\"flex flex-grow flex-col gap-3 max-w-full\">\n<div class=\"min-h-[20px] flex flex-col items-start gap-3 whitespace-pre-wrap break-words overflow-x-auto\">\n<div class=\"markdown prose w-full break-words dark:prose-invert light\">\n<div class=\"flex flex-grow flex-col gap-3 max-w-full\">\n<div class=\"min-h-[20px] flex flex-col items-start gap-3 whitespace-pre-wrap break-words overflow-x-auto\">\n<div class=\"markdown prose w-full break-words dark:prose-invert light\">\n<p><strong>Departamento en Condominio Pac\u00edfico con Los Arrayanes &#8211; La Serena<\/strong><\/p>\n<p>Ubicado en el Condominio Pac\u00edfico con Los Arrayanes, este departamento ofrece un equilibrio perfecto entre comodidad y accesibilidad.<\/p>\n<p>Situado a solo media cuadra de la Avenida del Mar y de la 4 Esquina, te brinda un acceso r\u00e1pido a la playa y a una variedad de tiendas locales, como almacenes, panader\u00edas y botiller\u00edas.<\/p>\n<p>El departamento es espacioso y tiene la capacidad para alojar c\u00f3modamente a 4 personas. Cuenta con 2 dormitorios, 2 ba\u00f1os (uno de ellos en suite), una pr\u00e1ctica cocina americana y una acogedora sala de estar que se abre a un balc\u00f3n con vistas al mar.<\/p>\n<p>Para tu conveniencia, el departamento tambi\u00e9n incluye una lavadora. La elecci\u00f3n de entretenimiento est\u00e1 en tus manos, ya que se ofrece TV por cable (con costo adicional) y WiFi prepago que puedes recargar seg\u00fan tus necesidades.<\/p>\n<p>Situado en el segundo piso, es f\u00e1cilmente accesible. El costo del arriendo es de $350,000 al mes durante el per\u00edodo de mayo a diciembre, lo que incluye los gastos comunes.<\/p>\n<p>El condominio agrega un toque especial a tu estad\u00eda con comodidades como una piscina, quincho, juegos infantiles, estacionamiento y \u00e1reas verdes.<\/p>\n<p>Este departamento en el Condominio Pac\u00edfico con Los Arrayanes es la opci\u00f3n perfecta si buscas comodidad en La Serena.<\/p>\n<p>\u00a1No dejes pasar la oportunidad de disfrutar de una estancia memorable en esta hermosa ciudad costera! Cont\u00e1ctanos para m\u00e1s detalles y reservas.<\/p>\n<\/div>\n<\/div>\n<\/div>\n<\/div>\n<\/div>\n<\/div>\n<\/div>\n","protected":false},"excerpt":{"rendered":"<div>\n<ul>\n<li>VALOR mayo a dic $ 350.000 incluido gastos comunes<\/li>\n<\/ul>\n<\/div>\n<div>EL DEPARTAMENTO TIENE CAPACIDAD PARA 4 PERSONAS.<\/div>\n<div>EL DEPARTAMENTO CONTIENE:<\/div>\n<div>\n<ul>\n<li>2 DORMITORIOS<\/li>\n<\/ul>\n<ul>\n<li>2 BA\u00d1OS ( PRINCIPAL EN SUITE )<\/li>\n<li>WALKING CLOSET EN MATRIMONIAL<\/li>\n<li>COCINA AMERICANA<\/li>\n<li>LIVING<\/li>\n<\/ul>\n<ul>\n<li>BALCON CON VISTA\u00a0AL MAR<\/li>\n<li>FUTON<\/li>\n<li>LAVADORA<\/li>\n<\/ul>\n<div>\n<ul>\n<li>TV CABLE se cancela a parte<\/li>\n<li>WIFI prepago incluye recarga<\/li>\n<li>piso 2<\/li>\n<\/ul>\n<p>CONDOMINIO PACIFICO CON LOS ARRAYANES, A MEDIA CUADRA DE LA AV DEL\u00a0 MAR Y DE 4 ESQUINA<\/p>\n<div>A MEDIA CUADRA DE ALMACENES, PANADER\u00cdA, BOTILLERIA.<\/div>\n<div><\/div>\n<div>EL CONDOMINIO INCLUYE:<\/div>\n<div>\n<ul>\n<li>PISCINA<\/li>\n<li>QUINCHO<\/li>\n<li>JUEGOS INFANTILES<\/li>\n<li>ESTACIONAMIENTO<\/li>\n<li>ASCENSORES<\/li>\n<\/ul>\n<ul>\n<li>SALA MULTIUSO<\/li>\n<li>\u00c1REAS VERDES<\/li>\n<\/ul>\n<\/div>\n<\/div>\n<\/div>\n","protected":false},"featured_media":105,"comment_status":"open","ping_status":"closed","template":"","meta":{"site-sidebar-layout":"default","site-content-layout":"","ast-site-content-layout":"default","site-content-style":"default","site-sidebar-style":"default","ast-global-header-display":"","ast-banner-title-visibility":"","ast-main-header-display":"","ast-hfb-above-header-display":"","ast-hfb-below-header-display":"","ast-hfb-mobile-header-display":"","site-post-title":"","ast-breadcrumbs-content":"","ast-featured-img":"","footer-sml-layout":"","theme-transparent-header-meta":"default","adv-header-id-meta":"","stick-header-meta":"","header-above-stick-meta":"","header-main-stick-meta":"","header-below-stick-meta":"","astra-migrate-meta-layouts":"set","_joinchat":[]},"product_cat":[21],"product_tag":[18],"class_list":{"0":"post-22","1":"product","2":"type-product","3":"status-publish","4":"has-post-thumbnail","6":"product_cat-arriendo-marzo-diciembre","7":"product_tag-departamentos","8":"desktop-align-left","9":"tablet-align-left","10":"mobile-align-left","12":"first","13":"outofstock","14":"sold-individually","15":"shipping-taxable","16":"purchasable","17":"product-type-simple"},"yoast_head":"<!-- This site is optimized with the Yoast SEO plugin v22.7 - https:\/\/yoast.com\/wordpress\/plugins\/seo\/ -->\n<title>CONDOMINIO PAC\u00cdFICO, ARRIENDO DEPTO AMOBLADO<\/title>\n<meta name=\"description\" content=\"CONDOMINIO PAC\u00cdFICO - ARRIENDO DEPARTAMENTO AMOBLADO, PACIFICO 1,2D-2B, 4 PERS, LA SERENA - Arriendo Departamentos | La Serena Coquimbo | Vi\u00f1a del Mar\" \/>\n<meta name=\"robots\" content=\"index, follow, max-snippet:-1, max-image-preview:large, max-video-preview:-1\" \/>\n<link rel=\"canonical\" href=\"https:\/\/cardemilgestioninmobiliaria.cl\/index.php\/product\/arriendo-departamento-amoblado-pacifico-2d-2b-4-pers-la-serena\/\" \/>\n<meta property=\"og:locale\" content=\"en_US\" \/>\n<meta property=\"og:type\" content=\"article\" \/>\n<meta property=\"og:title\" content=\"CONDOMINIO PAC\u00cdFICO, ARRIENDO DEPTO AMOBLADO\" \/>\n<meta property=\"og:description\" content=\"CONDOMINIO PAC\u00cdFICO - ARRIENDO DEPARTAMENTO AMOBLADO, PACIFICO 1,2D-2B, 4 PERS, LA SERENA - Arriendo Departamentos | La Serena Coquimbo | Vi\u00f1a del Mar\" \/>\n<meta property=\"og:url\" content=\"https:\/\/cardemilgestioninmobiliaria.cl\/index.php\/product\/arriendo-departamento-amoblado-pacifico-2d-2b-4-pers-la-serena\/\" \/>\n<meta property=\"og:site_name\" content=\"Arriendo Departamentos | La Serena Coquimbo | Vi\u00f1a del Mar\" \/>\n<meta property=\"article:modified_time\" content=\"2025-05-29T13:42:41+00:00\" \/>\n<meta property=\"og:image\" content=\"https:\/\/cardemilgestioninmobiliaria.cl\/wp-content\/uploads\/2023\/10\/20190725_172144-scaled.jpg\" \/>\n\t<meta property=\"og:image:width\" content=\"2560\" \/>\n\t<meta property=\"og:image:height\" content=\"2560\" \/>\n\t<meta property=\"og:image:type\" content=\"image\/jpeg\" \/>\n<meta name=\"twitter:card\" content=\"summary_large_image\" \/>\n<meta name=\"twitter:label1\" content=\"Est. reading time\" \/>\n\t<meta name=\"twitter:data1\" content=\"2 minutes\" \/>\n<script type=\"application\/ld+json\" class=\"yoast-schema-graph\">{\"@context\":\"https:\/\/schema.org\",\"@graph\":[{\"@type\":\"WebPage\",\"@id\":\"https:\/\/cardemilgestioninmobiliaria.cl\/index.php\/product\/arriendo-departamento-amoblado-pacifico-2d-2b-4-pers-la-serena\/\",\"url\":\"https:\/\/cardemilgestioninmobiliaria.cl\/index.php\/product\/arriendo-departamento-amoblado-pacifico-2d-2b-4-pers-la-serena\/\",\"name\":\"CONDOMINIO PAC\u00cdFICO, ARRIENDO DEPTO AMOBLADO\",\"isPartOf\":{\"@id\":\"https:\/\/cardemilgestioninmobiliaria.cl\/#website\"},\"primaryImageOfPage\":{\"@id\":\"https:\/\/cardemilgestioninmobiliaria.cl\/index.php\/product\/arriendo-departamento-amoblado-pacifico-2d-2b-4-pers-la-serena\/#primaryimage\"},\"image\":{\"@id\":\"https:\/\/cardemilgestioninmobiliaria.cl\/index.php\/product\/arriendo-departamento-amoblado-pacifico-2d-2b-4-pers-la-serena\/#primaryimage\"},\"thumbnailUrl\":\"https:\/\/cardemilgestioninmobiliaria.cl\/wp-content\/uploads\/2023\/10\/20190725_172144-scaled.jpg\",\"datePublished\":\"2023-10-06T12:46:49+00:00\",\"dateModified\":\"2025-05-29T13:42:41+00:00\",\"description\":\"CONDOMINIO PAC\u00cdFICO - ARRIENDO DEPARTAMENTO AMOBLADO, PACIFICO 1,2D-2B, 4 PERS, LA SERENA - Arriendo Departamentos | La Serena Coquimbo | Vi\u00f1a del Mar\",\"breadcrumb\":{\"@id\":\"https:\/\/cardemilgestioninmobiliaria.cl\/index.php\/product\/arriendo-departamento-amoblado-pacifico-2d-2b-4-pers-la-serena\/#breadcrumb\"},\"inLanguage\":\"en-US\",\"potentialAction\":[{\"@type\":\"ReadAction\",\"target\":[\"https:\/\/cardemilgestioninmobiliaria.cl\/index.php\/product\/arriendo-departamento-amoblado-pacifico-2d-2b-4-pers-la-serena\/\"]}]},{\"@type\":\"ImageObject\",\"inLanguage\":\"en-US\",\"@id\":\"https:\/\/cardemilgestioninmobiliaria.cl\/index.php\/product\/arriendo-departamento-amoblado-pacifico-2d-2b-4-pers-la-serena\/#primaryimage\",\"url\":\"https:\/\/cardemilgestioninmobiliaria.cl\/wp-content\/uploads\/2023\/10\/20190725_172144-scaled.jpg\",\"contentUrl\":\"https:\/\/cardemilgestioninmobiliaria.cl\/wp-content\/uploads\/2023\/10\/20190725_172144-scaled.jpg\",\"width\":2560,\"height\":2560},{\"@type\":\"BreadcrumbList\",\"@id\":\"https:\/\/cardemilgestioninmobiliaria.cl\/index.php\/product\/arriendo-departamento-amoblado-pacifico-2d-2b-4-pers-la-serena\/#breadcrumb\",\"itemListElement\":[{\"@type\":\"ListItem\",\"position\":1,\"name\":\"Home\",\"item\":\"https:\/\/cardemilgestioninmobiliaria.cl\/\"},{\"@type\":\"ListItem\",\"position\":2,\"name\":\"Products\",\"item\":\"https:\/\/cardemilgestioninmobiliaria.cl\/index.php\/shop\/\"},{\"@type\":\"ListItem\",\"position\":3,\"name\":\"ARRIENDO DEPARTAMENTO AMOBLADO, PACIFICO 1,2D-2B, 4 PERS, LA SERENA\"}]},{\"@type\":\"WebSite\",\"@id\":\"https:\/\/cardemilgestioninmobiliaria.cl\/#website\",\"url\":\"https:\/\/cardemilgestioninmobiliaria.cl\/\",\"name\":\"Arriendo Departamentos | La Serena Coquimbo | Vi\u00f1a del Mar\",\"description\":\"\",\"publisher\":{\"@id\":\"https:\/\/cardemilgestioninmobiliaria.cl\/#organization\"},\"potentialAction\":[{\"@type\":\"SearchAction\",\"target\":{\"@type\":\"EntryPoint\",\"urlTemplate\":\"https:\/\/cardemilgestioninmobiliaria.cl\/?s={search_term_string}\"},\"query-input\":\"required name=search_term_string\"}],\"inLanguage\":\"en-US\"},{\"@type\":\"Organization\",\"@id\":\"https:\/\/cardemilgestioninmobiliaria.cl\/#organization\",\"name\":\"Arriendo Departamentos | La Serena Coquimbo | Vi\u00f1a del Mar\",\"url\":\"https:\/\/cardemilgestioninmobiliaria.cl\/\",\"logo\":{\"@type\":\"ImageObject\",\"inLanguage\":\"en-US\",\"@id\":\"https:\/\/cardemilgestioninmobiliaria.cl\/#\/schema\/logo\/image\/\",\"url\":\"https:\/\/cardemilgestioninmobiliaria.cl\/wp-content\/uploads\/2023\/10\/cropped-logo.png\",\"contentUrl\":\"https:\/\/cardemilgestioninmobiliaria.cl\/wp-content\/uploads\/2023\/10\/cropped-logo.png\",\"width\":312,\"height\":104,\"caption\":\"Arriendo Departamentos  | La Serena Coquimbo | Vi\u00f1a del Mar\"},\"image\":{\"@id\":\"https:\/\/cardemilgestioninmobiliaria.cl\/#\/schema\/logo\/image\/\"}}]}<\/script>\n<!-- \/ Yoast SEO plugin. -->","yoast_head_json":{"title":"CONDOMINIO PAC\u00cdFICO, ARRIENDO DEPTO AMOBLADO","description":"CONDOMINIO PAC\u00cdFICO - ARRIENDO DEPARTAMENTO AMOBLADO, PACIFICO 1,2D-2B, 4 PERS, LA SERENA - Arriendo Departamentos | La Serena Coquimbo | Vi\u00f1a del Mar","robots":{"index":"index","follow":"follow","max-snippet":"max-snippet:-1","max-image-preview":"max-image-preview:large","max-video-preview":"max-video-preview:-1"},"canonical":"https:\/\/cardemilgestioninmobiliaria.cl\/index.php\/product\/arriendo-departamento-amoblado-pacifico-2d-2b-4-pers-la-serena\/","og_locale":"en_US","og_type":"article","og_title":"CONDOMINIO PAC\u00cdFICO, ARRIENDO DEPTO AMOBLADO","og_description":"CONDOMINIO PAC\u00cdFICO - ARRIENDO DEPARTAMENTO AMOBLADO, PACIFICO 1,2D-2B, 4 PERS, LA SERENA - Arriendo Departamentos | La Serena Coquimbo | Vi\u00f1a del Mar","og_url":"https:\/\/cardemilgestioninmobiliaria.cl\/index.php\/product\/arriendo-departamento-amoblado-pacifico-2d-2b-4-pers-la-serena\/","og_site_name":"Arriendo Departamentos | La Serena Coquimbo | Vi\u00f1a del Mar","article_modified_time":"2025-05-29T13:42:41+00:00","og_image":[{"width":2560,"height":2560,"url":"https:\/\/cardemilgestioninmobiliaria.cl\/wp-content\/uploads\/2023\/10\/20190725_172144-scaled.jpg","type":"image\/jpeg"}],"twitter_card":"summary_large_image","twitter_misc":{"Est. reading time":"2 minutes"},"schema":{"@context":"https:\/\/schema.org","@graph":[{"@type":"WebPage","@id":"https:\/\/cardemilgestioninmobiliaria.cl\/index.php\/product\/arriendo-departamento-amoblado-pacifico-2d-2b-4-pers-la-serena\/","url":"https:\/\/cardemilgestioninmobiliaria.cl\/index.php\/product\/arriendo-departamento-amoblado-pacifico-2d-2b-4-pers-la-serena\/","name":"CONDOMINIO PAC\u00cdFICO, ARRIENDO DEPTO AMOBLADO","isPartOf":{"@id":"https:\/\/cardemilgestioninmobiliaria.cl\/#website"},"primaryImageOfPage":{"@id":"https:\/\/cardemilgestioninmobiliaria.cl\/index.php\/product\/arriendo-departamento-amoblado-pacifico-2d-2b-4-pers-la-serena\/#primaryimage"},"image":{"@id":"https:\/\/cardemilgestioninmobiliaria.cl\/index.php\/product\/arriendo-departamento-amoblado-pacifico-2d-2b-4-pers-la-serena\/#primaryimage"},"thumbnailUrl":"https:\/\/cardemilgestioninmobiliaria.cl\/wp-content\/uploads\/2023\/10\/20190725_172144-scaled.jpg","datePublished":"2023-10-06T12:46:49+00:00","dateModified":"2025-05-29T13:42:41+00:00","description":"CONDOMINIO PAC\u00cdFICO - ARRIENDO DEPARTAMENTO AMOBLADO, PACIFICO 1,2D-2B, 4 PERS, LA SERENA - Arriendo Departamentos | La Serena Coquimbo | Vi\u00f1a del Mar","breadcrumb":{"@id":"https:\/\/cardemilgestioninmobiliaria.cl\/index.php\/product\/arriendo-departamento-amoblado-pacifico-2d-2b-4-pers-la-serena\/#breadcrumb"},"inLanguage":"en-US","potentialAction":[{"@type":"ReadAction","target":["https:\/\/cardemilgestioninmobiliaria.cl\/index.php\/product\/arriendo-departamento-amoblado-pacifico-2d-2b-4-pers-la-serena\/"]}]},{"@type":"ImageObject","inLanguage":"en-US","@id":"https:\/\/cardemilgestioninmobiliaria.cl\/index.php\/product\/arriendo-departamento-amoblado-pacifico-2d-2b-4-pers-la-serena\/#primaryimage","url":"https:\/\/cardemilgestioninmobiliaria.cl\/wp-content\/uploads\/2023\/10\/20190725_172144-scaled.jpg","contentUrl":"https:\/\/cardemilgestioninmobiliaria.cl\/wp-content\/uploads\/2023\/10\/20190725_172144-scaled.jpg","width":2560,"height":2560},{"@type":"BreadcrumbList","@id":"https:\/\/cardemilgestioninmobiliaria.cl\/index.php\/product\/arriendo-departamento-amoblado-pacifico-2d-2b-4-pers-la-serena\/#breadcrumb","itemListElement":[{"@type":"ListItem","position":1,"name":"Home","item":"https:\/\/cardemilgestioninmobiliaria.cl\/"},{"@type":"ListItem","position":2,"name":"Products","item":"https:\/\/cardemilgestioninmobiliaria.cl\/index.php\/shop\/"},{"@type":"ListItem","position":3,"name":"ARRIENDO DEPARTAMENTO AMOBLADO, PACIFICO 1,2D-2B, 4 PERS, LA SERENA"}]},{"@type":"WebSite","@id":"https:\/\/cardemilgestioninmobiliaria.cl\/#website","url":"https:\/\/cardemilgestioninmobiliaria.cl\/","name":"Arriendo Departamentos | La Serena Coquimbo | Vi\u00f1a del Mar","description":"","publisher":{"@id":"https:\/\/cardemilgestioninmobiliaria.cl\/#organization"},"potentialAction":[{"@type":"SearchAction","target":{"@type":"EntryPoint","urlTemplate":"https:\/\/cardemilgestioninmobiliaria.cl\/?s={search_term_string}"},"query-input":"required name=search_term_string"}],"inLanguage":"en-US"},{"@type":"Organization","@id":"https:\/\/cardemilgestioninmobiliaria.cl\/#organization","name":"Arriendo Departamentos | La Serena Coquimbo | Vi\u00f1a del Mar","url":"https:\/\/cardemilgestioninmobiliaria.cl\/","logo":{"@type":"ImageObject","inLanguage":"en-US","@id":"https:\/\/cardemilgestioninmobiliaria.cl\/#\/schema\/logo\/image\/","url":"https:\/\/cardemilgestioninmobiliaria.cl\/wp-content\/uploads\/2023\/10\/cropped-logo.png","contentUrl":"https:\/\/cardemilgestioninmobiliaria.cl\/wp-content\/uploads\/2023\/10\/cropped-logo.png","width":312,"height":104,"caption":"Arriendo Departamentos  | La Serena Coquimbo | Vi\u00f1a del Mar"},"image":{"@id":"https:\/\/cardemilgestioninmobiliaria.cl\/#\/schema\/logo\/image\/"}}]}},"_links":{"self":[{"href":"https:\/\/cardemilgestioninmobiliaria.cl\/index.php\/wp-json\/wp\/v2\/product\/22","targetHints":{"allow":["GET"]}}],"collection":[{"href":"https:\/\/cardemilgestioninmobiliaria.cl\/index.php\/wp-json\/wp\/v2\/product"}],"about":[{"href":"https:\/\/cardemilgestioninmobiliaria.cl\/index.php\/wp-json\/wp\/v2\/types\/product"}],"replies":[{"embeddable":true,"href":"https:\/\/cardemilgestioninmobiliaria.cl\/index.php\/wp-json\/wp\/v2\/comments?post=22"}],"wp:featuredmedia":[{"embeddable":true,"href":"https:\/\/cardemilgestioninmobiliaria.cl\/index.php\/wp-json\/wp\/v2\/media\/105"}],"wp:attachment":[{"href":"https:\/\/cardemilgestioninmobiliaria.cl\/index.php\/wp-json\/wp\/v2\/media?parent=22"}],"wp:term":[{"taxonomy":"product_cat","embeddable":true,"href":"https:\/\/cardemilgestioninmobiliaria.cl\/index.php\/wp-json\/wp\/v2\/product_cat?post=22"},{"taxonomy":"product_tag","embeddable":true,"href":"https:\/\/cardemilgestioninmobiliaria.cl\/index.php\/wp-json\/wp\/v2\/product_tag?post=22"}],"curies":[{"name":"wp","href":"https:\/\/api.w.org\/{rel}","templated":true}]}}